{"id":2588,"date":"2023-11-10T02:50:33","date_gmt":"2023-11-10T02:50:33","guid":{"rendered":"https:\/\/www.depilarte.co\/internacional_nueva\/?page_id=2588"},"modified":"2024-05-26T22:03:14","modified_gmt":"2024-05-26T22:03:14","slug":"internacional","status":"publish","type":"page","link":"https:\/\/www.depilarte.co\/internacional\/internacional\/","title":{"rendered":"Internacional"},"content":{"rendered":"<p>[et_pb_section fb_built=\u00bb1&#8243; admin_label=\u00bbHero Section\u00bb _builder_version=\u00bb4.25.1&#8243; use_background_color_gradient=\u00bbon\u00bb background_color_gradient_stops=\u00bbrgba(124,124,124,0.51) 0%|rgba(0,0,0,0) 100%\u00bb background_color_gradient_overlays_image=\u00bbon\u00bb background_color_gradient_start=\u00bb#000000&#8243; background_color_gradient_end=\u00bbrgba(0,0,0,0)\u00bb background_image=\u00bbhttps:\/\/www.depilarte.co\/internacional\/wp-content\/uploads\/2024\/05\/Franquicia-Depilarte-1-2.webp\u00bb custom_margin=\u00bb|||\u00bb custom_padding=\u00bb24.5%||0%|||\u00bb hover_enabled=\u00bb0&#8243; locked=\u00bboff\u00bb global_colors_info=\u00bb{}\u00bb title_text=\u00bbFranquicia-Depilarte-1 (2)\u00bb background_position=\u00bbtop_left\u00bb sticky_enabled=\u00bb0&#8243;][et_pb_row column_structure=\u00bb1_2,1_2&#8243; _builder_version=\u00bb4.22.2&#8243; _module_preset=\u00bbdefault\u00bb custom_margin=\u00bb-252px|auto||auto|false|false\u00bb global_colors_info=\u00bb{}\u00bb][et_pb_column type=\u00bb1_2&#8243; _builder_version=\u00bb4.22.2&#8243; _module_preset=\u00bbdefault\u00bb global_colors_info=\u00bb{}\u00bb][\/et_pb_column][et_pb_column type=\u00bb1_2&#8243; _builder_version=\u00bb4.22.2&#8243; _module_preset=\u00bbdefault\u00bb global_colors_info=\u00bb{}\u00bb][et_pb_text _builder_version=\u00bb4.23.1&#8243; _module_preset=\u00bbdefault\u00bb header_font=\u00bb|700|||||||\u00bb header_text_color=\u00bb#ffffff\u00bb header_font_size=\u00bb78px\u00bb custom_margin=\u00bb-59px||||false|false\u00bb custom_margin_tablet=\u00bb10px|||230px|false|false\u00bb custom_margin_phone=\u00bb190px|||115px|false|false\u00bb custom_margin_last_edited=\u00bbon|tablet\u00bb header_font_size_tablet=\u00bb63px\u00bb header_font_size_phone=\u00bb23px\u00bb header_font_size_last_edited=\u00bbon|tablet\u00bb header_text_shadow_style=\u00bbpreset1&#8243; global_colors_info=\u00bb{}\u00bb]<\/p>\n<h1>Franquicias Depilarte<\/h1>\n<p>[\/et_pb_text][\/et_pb_column][\/et_pb_row][\/et_pb_section][et_pb_section fb_built=\u00bb1&#8243; next_background_color=\u00bb#ffffff\u00bb admin_label=\u00bbAbout Us \u00bb _builder_version=\u00bb4.22.2&#8243; background_color=\u00bb#fffcfc\u00bb custom_padding=\u00bb2px|0px|16px|0px||\u00bb bottom_divider_style=\u00bbslant\u00bb bottom_divider_height=\u00bb200px\u00bb bottom_divider_repeat=\u00bb1x\u00bb bottom_divider_flip=\u00bbhorizontal\u00bb global_colors_info=\u00bb{}\u00bb][et_pb_row column_structure=\u00bb1_2,1_2&#8243; _builder_version=\u00bb4.23&#8243; module_alignment=\u00bbcenter\u00bb custom_margin=\u00bb|||\u00bb custom_padding=\u00bb||108px|||\u00bb global_colors_info=\u00bb{}\u00bb][et_pb_column type=\u00bb1_2&#8243; _builder_version=\u00bb4.23&#8243; background_color_gradient_direction=\u00bb35deg\u00bb background_color_gradient_start=\u00bb#ff6a88&#8243; background_color_gradient_end=\u00bb#ff99ac\u00bb global_colors_info=\u00bb{}\u00bb custom_padding__hover=\u00bb|||\u00bb][et_pb_text _builder_version=\u00bb4.23&#8243; header_font=\u00bb||||||||\u00bb header_font_size=\u00bb40px\u00bb header_3_font=\u00bbPlayfair Display|700|||||||\u00bb header_3_text_color=\u00bb#2b2b2b\u00bb header_3_font_size=\u00bb28px\u00bb header_3_line_height=\u00bb1.5em\u00bb custom_margin=\u00bb||10px|\u00bb custom_margin_tablet=\u00bb-60px||0px||false|false\u00bb custom_margin_phone=\u00bb0px||10px||false|false\u00bb custom_margin_last_edited=\u00bbon|tablet\u00bb header_font_size_tablet=\u00bb40px\u00bb header_font_size_phone=\u00bb25px\u00bb header_font_size_last_edited=\u00bbon|phone\u00bb locked=\u00bboff\u00bb global_colors_info=\u00bb{}\u00bb]<\/p>\n<h1 style=\"text-align: center;\"><b>\u00bf<\/b>Por qu\u00e9 la Franquicia Depilarte?<\/h1>\n<p>[\/et_pb_text][et_pb_text _builder_version=\u00bb4.23.4&#8243; text_font=\u00bbPoppins||||||||\u00bb text_text_color=\u00bbrgba(0,0,0,0.4)\u00bb text_font_size=\u00bb16px\u00bb text_line_height=\u00bb1.9em\u00bb header_font=\u00bb||||||||\u00bb header_2_font=\u00bb||||||||\u00bb module_alignment=\u00bbcenter\u00bb custom_margin=\u00bb||30px|\u00bb global_colors_info=\u00bb{}\u00bb]<\/p>\n<p>Conoce m\u00e1s acerca de c\u00f3mo nuestra franquicia ha ayudado a decenas de emprendedores a tener un negocio propio. Con tecnolog\u00eda de punta, acompa\u00f1amiento continuo y un mercado en crecimiento hemos crecido de la mano de estos emprendedores, queremos llegar a toda latino am\u00e9rica. \u00bfEres t\u00fa el pr\u00f3ximo emprendedor en unirse al equipo?<\/p>\n<p>[\/et_pb_text][et_pb_button button_text=\u00bbSolicitar Informaci\u00f3n\u00bb button_alignment=\u00bbcenter\u00bb _builder_version=\u00bb4.25.1&#8243; custom_button=\u00bbon\u00bb button_text_size=\u00bb14px\u00bb button_text_color=\u00bb#ffffff\u00bb button_bg_color=\u00bb#79b41e\u00bb button_border_width=\u00bb0px\u00bb button_border_radius=\u00bb0px\u00bb button_letter_spacing=\u00bb2px\u00bb button_font=\u00bbPoppins|600||on|||||\u00bb button_icon=\u00bb&#xf105;||fa||900&#8243; custom_margin=\u00bb20px|||\u00bb custom_padding=\u00bb12px|28px|12px|28px\u00bb dsm_modules_popup=\u00bbon\u00bb dsm_modules_popup_library=\u00bb2195&#8243; box_shadow_style=\u00bbpreset1&#8243; box_shadow_vertical=\u00bb10px\u00bb box_shadow_blur=\u00bb30px\u00bb box_shadow_color=\u00bbrgba(62,142,69,0.5)\u00bb button_letter_spacing_hover=\u00bb2px\u00bb locked=\u00bboff\u00bb global_colors_info=\u00bb{}\u00bb button_text_size__hover_enabled=\u00bboff\u00bb button_one_text_size__hover_enabled=\u00bboff\u00bb button_two_text_size__hover_enabled=\u00bboff\u00bb button_text_color__hover_enabled=\u00bboff\u00bb button_one_text_color__hover_enabled=\u00bboff\u00bb button_two_text_color__hover_enabled=\u00bboff\u00bb button_border_width__hover_enabled=\u00bboff\u00bb button_one_border_width__hover_enabled=\u00bboff\u00bb button_two_border_width__hover_enabled=\u00bboff\u00bb button_border_color__hover_enabled=\u00bboff\u00bb button_one_border_color__hover_enabled=\u00bboff\u00bb button_two_border_color__hover_enabled=\u00bboff\u00bb button_border_radius__hover_enabled=\u00bboff\u00bb button_one_border_radius__hover_enabled=\u00bboff\u00bb button_two_border_radius__hover_enabled=\u00bboff\u00bb button_letter_spacing__hover_enabled=\u00bbon|hover\u00bb button_letter_spacing__hover=\u00bb2px\u00bb button_one_letter_spacing__hover_enabled=\u00bboff\u00bb button_two_letter_spacing__hover_enabled=\u00bboff\u00bb button_bg_color__hover_enabled=\u00bboff\u00bb button_one_bg_color__hover_enabled=\u00bboff\u00bb button_two_bg_color__hover_enabled=\u00bboff\u00bb][\/et_pb_button][\/et_pb_column][et_pb_column type=\u00bb1_2&#8243; _builder_version=\u00bb4.23&#8243; _module_preset=\u00bbdefault\u00bb global_colors_info=\u00bb{}\u00bb][et_pb_code _builder_version=\u00bb4.23.1&#8243; _module_preset=\u00bbdefault\u00bb custom_margin_tablet=\u00bb\u00bb custom_margin_phone=\u00bb18px||||false|false\u00bb custom_margin_last_edited=\u00bbon|phone\u00bb locked=\u00bboff\u00bb global_colors_info=\u00bb{}\u00bb]<script src=\"https:\/\/fast.wistia.com\/embed\/medias\/azffsnxv1d.jsonp\" async><\/script><script src=\"https:\/\/fast.wistia.com\/assets\/external\/E-v1.js\" async><\/script><\/p>\n<div class=\"wistia_responsive_padding\" style=\"padding:56.25% 0 28px 0;position:relative;\">\n<div class=\"wistia_responsive_wrapper\" style=\"height:100%;left:0;position:absolute;top:0;width:100%;\">\n<div class=\"wistia_embed wistia_async_azffsnxv1d seo=true videoFoam=true\" style=\"height:100%;position:relative;width:100%\">\n<div class=\"wistia_swatch\" style=\"height:100%;left:0;opacity:0;overflow:hidden;position:absolute;top:0;transition:opacity 200ms;width:100%;\"><img decoding=\"async\" src=\"https:\/\/fast.wistia.com\/embed\/medias\/azffsnxv1d\/swatch\" style=\"filter:blur(5px);height:100%;object-fit:contain;width:100%;\" alt=\"\" aria-hidden=\"true\" onload=\"this.parentNode.style.opacity=1;\" \/><\/div>\n<\/div>\n<\/div>\n<\/div>\n<p>[\/et_pb_code][et_pb_text _builder_version=\u00bb4.23.4&#8243; _module_preset=\u00bbdefault\u00bb custom_margin=\u00bb-5px||-120px||false|false\u00bb custom_margin_tablet=\u00bb||-80px||false|false\u00bb custom_margin_phone=\u00bb-5px||-60px||false|false\u00bb custom_margin_last_edited=\u00bbon|tablet\u00bb global_colors_info=\u00bb{}\u00bb]<\/p>\n<h1>Modelo de Negocio<\/h1>\n<p>Conoce m\u00e1s acerca de c\u00f3mo funcionan nuestras franquicias por dentro y cuales son los aspectos m\u00e1s importantes del modelo de negocio enfocado en depilaci\u00f3n l\u00e1ser AFT que nos ha llevado a tener m\u00e1s de 90 centros en 12 a\u00f1os.<\/p>\n<p>[\/et_pb_text][\/et_pb_column][\/et_pb_row][\/et_pb_section][et_pb_section fb_built=\u00bb1&#8243; _builder_version=\u00bb4.22.2&#8243; _module_preset=\u00bbdefault\u00bb custom_padding=\u00bb||9px|||\u00bb global_colors_info=\u00bb{}\u00bb][et_pb_row _builder_version=\u00bb4.22.2&#8243; _module_preset=\u00bbdefault\u00bb width=\u00bb100%\u00bb max_width=\u00bb100%\u00bb custom_margin=\u00bb-91px|auto||auto||\u00bb custom_margin_tablet=\u00bb-116px|auto||auto|false|false\u00bb custom_margin_phone=\u00bb-155px|auto||auto|false|false\u00bb custom_margin_last_edited=\u00bbon|phone\u00bb custom_padding=\u00bb69px||8px|||\u00bb global_colors_info=\u00bb{}\u00bb][et_pb_column type=\u00bb4_4&#8243; _builder_version=\u00bb4.22.2&#8243; _module_preset=\u00bbdefault\u00bb global_colors_info=\u00bb{}\u00bb][dsm_image_carousel gallery_ids=\u00bb3418,3417,3416,3415&#8243; sizes=\u00bbet-pb-portfolio-module-image\u00bb speed=\u00bb1000&#8243; autoplay_speed=\u00bb4000&#8243; space_between=\u00bb0&#8243; arrows=\u00bboff\u00bb dots=\u00bboff\u00bb show_lightbox=\u00bbon\u00bb _builder_version=\u00bb4.25.1&#8243; _module_preset=\u00bbdefault\u00bb hover_enabled=\u00bb0&#8243; global_colors_info=\u00bb{}\u00bb sticky_enabled=\u00bb0&#8243;][\/dsm_image_carousel][\/et_pb_column][\/et_pb_row][\/et_pb_section][et_pb_section fb_built=\u00bb1&#8243; _builder_version=\u00bb4.23.4&#8243; _module_preset=\u00bbdefault\u00bb custom_margin_tablet=\u00bb\u00bb custom_margin_phone=\u00bb-18px||||false|false\u00bb custom_margin_last_edited=\u00bbon|phone\u00bb custom_padding=\u00bb20px||3px||false|false\u00bb global_colors_info=\u00bb{}\u00bb][et_pb_row column_structure=\u00bb1_3,1_3,1_3&#8243; _builder_version=\u00bb4.22.2&#8243; _module_preset=\u00bbdefault\u00bb width=\u00bb90%\u00bb max_width=\u00bb1259px\u00bb custom_margin=\u00bb-35px|auto||auto||\u00bb custom_padding=\u00bb41px|||||\u00bb global_colors_info=\u00bb{}\u00bb][et_pb_column type=\u00bb1_3&#8243; _builder_version=\u00bb4.22.2&#8243; _module_preset=\u00bbdefault\u00bb global_colors_info=\u00bb{}\u00bb][et_pb_text _builder_version=\u00bb4.23.4&#8243; text_font_size=\u00bb9px\u00bb header_font=\u00bb|700|||||||\u00bb header_text_align=\u00bbcenter\u00bb header_text_color=\u00bb#79b41e\u00bb header_font_size=\u00bb31px\u00bb header_3_font=\u00bbPlayfair Display|700|||||||\u00bb header_3_text_color=\u00bb#2b2b2b\u00bb header_3_font_size=\u00bb28px\u00bb header_3_line_height=\u00bb1.5em\u00bb custom_margin=\u00bb48px||10px||false|false\u00bb custom_margin_tablet=\u00bb-35px||||false|false\u00bb custom_margin_phone=\u00bb-35px||||false|false\u00bb custom_margin_last_edited=\u00bbon|tablet\u00bb locked=\u00bboff\u00bb global_colors_info=\u00bb{}\u00bb]<\/p>\n<h1>Modelo<\/h1>\n<p>[\/et_pb_text][et_pb_text _builder_version=\u00bb4.23.4&#8243; _module_preset=\u00bbdefault\u00bb text_text_color=\u00bb#888888&#8243; text_font_size=\u00bb16px\u00bb text_orientation=\u00bbcenter\u00bb custom_margin_tablet=\u00bb||25px||false|false\u00bb custom_margin_phone=\u00bb||25px||false|false\u00bb custom_margin_last_edited=\u00bbon|tablet\u00bb custom_padding=\u00bb|40px||40px|false|false\u00bb custom_padding_tablet=\u00bb|40px||40px|false|false\u00bb custom_padding_phone=\u00bb|40px||40px|false|false\u00bb custom_padding_last_edited=\u00bbon|tablet\u00bb global_colors_info=\u00bb{}\u00bb]<\/p>\n<p>Nuestra franquicia est\u00e1 dise\u00f1ada para poder funcionar en condiciones que garanticen un bajo costo de operaci\u00f3n, mientras que se mantiene un dise\u00f1o elegante, innovador y que garantice la satisfacci\u00f3n de nuestros clientes.<\/p>\n<p>Basamos nuestro modelo de negocio en la oferta de servicios de belleza con una tarifa \u00fanica por zona y sesi\u00f3n, esta tarifa ronda los 30 USD en los pa\u00edses donde tenemos presencia en la actualidad.<\/p>\n<p>[\/et_pb_text][\/et_pb_column][et_pb_column type=\u00bb1_3&#8243; _builder_version=\u00bb4.22.2&#8243; _module_preset=\u00bbdefault\u00bb background_color=\u00bb#79b41e\u00bb custom_padding=\u00bb0px||36px||false|false\u00bb global_colors_info=\u00bb{}\u00bb][et_pb_text _builder_version=\u00bb4.23.4&#8243; text_text_color=\u00bb#ffffff\u00bb text_font_size=\u00bb9px\u00bb header_font=\u00bb|700|||||||\u00bb header_text_align=\u00bbcenter\u00bb header_text_color=\u00bb#ffffff\u00bb header_font_size=\u00bb31px\u00bb header_3_font=\u00bbPlayfair Display|700|||||||\u00bb header_3_text_color=\u00bb#2b2b2b\u00bb header_3_font_size=\u00bb28px\u00bb header_3_line_height=\u00bb1.5em\u00bb custom_margin=\u00bb48px||10px||false|false\u00bb locked=\u00bboff\u00bb global_colors_info=\u00bb{}\u00bb]<\/p>\n<h1>Operacion y Personal<\/h1>\n<p>[\/et_pb_text][et_pb_text _builder_version=\u00bb4.23.4&#8243; _module_preset=\u00bbdefault\u00bb text_font=\u00bb|700|||||||\u00bb text_text_color=\u00bb#ffffff\u00bb text_font_size=\u00bb16px\u00bb text_orientation=\u00bbcenter\u00bb custom_padding=\u00bb|40px||40px|false|false\u00bb custom_padding_tablet=\u00bb|40px||40px|false|false\u00bb custom_padding_phone=\u00bb|40px|12px|40px|false|false\u00bb custom_padding_last_edited=\u00bbon|phone\u00bb global_colors_info=\u00bb{}\u00bb]<\/p>\n<p>Si le preguntan a cualquiera de nuestros franquiciados estamos seguros que ellos podr\u00e1n compartir con ustedes la sencillez del manejo que tiene nuestro modelo de negocio. Nuestras franquicias operan tradicionalmente 25 d\u00edas al mes, por 9 horas diarias. Las herramientas que les entregamos les ayudan a administrar su franquicia en aspectos como agendamiento de citas, facturaci\u00f3n, administraci\u00f3n de personal, mercadeo, servicio al cliente y promoci\u00f3n entre otros. Nuestro modelo de negocio est\u00e1 hecho para trabajar con 2 personas.<\/p>\n<p>[\/et_pb_text][\/et_pb_column][et_pb_column type=\u00bb1_3&#8243; _builder_version=\u00bb4.22.2&#8243; _module_preset=\u00bbdefault\u00bb global_colors_info=\u00bb{}\u00bb][et_pb_text _builder_version=\u00bb4.23.4&#8243; text_text_color=\u00bb#79b41e\u00bb text_font_size=\u00bb9px\u00bb header_font=\u00bb|700|||||||\u00bb header_text_align=\u00bbcenter\u00bb header_text_color=\u00bb#79b41e\u00bb header_font_size=\u00bb31px\u00bb header_3_font=\u00bbPlayfair Display|700|||||||\u00bb header_3_text_color=\u00bb#2b2b2b\u00bb header_3_font_size=\u00bb28px\u00bb header_3_line_height=\u00bb1.5em\u00bb custom_margin=\u00bb48px||10px||false|false\u00bb custom_margin_tablet=\u00bb34px||||false|false\u00bb custom_margin_phone=\u00bb34px||||false|false\u00bb custom_margin_last_edited=\u00bbon|tablet\u00bb locked=\u00bboff\u00bb global_colors_info=\u00bb{}\u00bb]<\/p>\n<h1>Ubicaci\u00f3n y Espacio<\/h1>\n<p>[\/et_pb_text][et_pb_text _builder_version=\u00bb4.23.4&#8243; _module_preset=\u00bbdefault\u00bb text_text_color=\u00bb#888888&#8243; text_font_size=\u00bb16px\u00bb text_orientation=\u00bbcenter\u00bb custom_padding=\u00bb|40px||40px|false|false\u00bb global_colors_info=\u00bb{}\u00bb]<\/p>\n<p>Una de las ventajas de las franquicias Depilarte es que no necesitan de un local de gran tama\u00f1o para poder funcionar, el promedio de tama\u00f1o en nuestros m\u00e1s de 90 centros es de 40 metros cuadrados.<\/p>\n<p>En la mayor\u00eda de los casos las modificaciones que debes hacer al local no son muchas pues solo es necesario tener un ba\u00f1o para los clientes, la cabina de tratamiento y la zona de espera y recepci\u00f3n. Nuestros centros son exclusivos para la prestaci\u00f3n de servicios con tecnolog\u00eda AFT, con una imagen institucional definida.<\/p>\n<p>[\/et_pb_text][\/et_pb_column][\/et_pb_row][\/et_pb_section][et_pb_section fb_built=\u00bb1&#8243; custom_padding_last_edited=\u00bbon|phone\u00bb admin_label=\u00bbImage &#8211; Text\u00bb _builder_version=\u00bb4.24.0&#8243; use_background_color_gradient=\u00bbon\u00bb background_color_gradient_direction=\u00bb45deg\u00bb background_color_gradient_stops=\u00bb#f4008f 0%|#ff637f 100%\u00bb background_color_gradient_start=\u00bb#ff6a88&#8243; background_color_gradient_end=\u00bb#ff99ac\u00bb custom_margin_tablet=\u00bb\u00bb custom_margin_phone=\u00bb||-45px||false|false\u00bb custom_margin_last_edited=\u00bbon|phone\u00bb custom_padding_tablet=\u00bb0px||20px||false|false\u00bb custom_padding_phone=\u00bb0px||20px||false|false\u00bb box_shadow_style=\u00bbpreset7&#8243; box_shadow_horizontal=\u00bb0px\u00bb box_shadow_vertical=\u00bb-100px\u00bb box_shadow_color=\u00bb#ffffff\u00bb saved_tabs=\u00bball\u00bb locked=\u00bboff\u00bb global_colors_info=\u00bb{}\u00bb][et_pb_row column_structure=\u00bb1_2,1_2&#8243; _builder_version=\u00bb4.23&#8243; global_colors_info=\u00bb{}\u00bb][et_pb_column type=\u00bb1_2&#8243; _builder_version=\u00bb4.16&#8243; custom_padding=\u00bb|||\u00bb global_colors_info=\u00bb{}\u00bb custom_padding__hover=\u00bb|||\u00bb][et_pb_image src=\u00bbhttps:\/\/www.depilarte.co\/internacional\/wp-content\/uploads\/2024\/05\/Franquicia-Depilarte-1-1.webp\u00bb show_bottom_space=\u00bboff\u00bb disabled_on=\u00bbon|on|off\u00bb _builder_version=\u00bb4.25.1&#8243; max_width_tablet=\u00bb75%\u00bb max_width_phone=\u00bb75%\u00bb max_width_last_edited=\u00bbon|tablet\u00bb custom_margin=\u00bb-97px||||false|false\u00bb custom_margin_tablet=\u00bb-120px||||false|false\u00bb custom_margin_phone=\u00bb-120px||||false|false\u00bb custom_margin_last_edited=\u00bbon|tablet\u00bb animation_direction=\u00bbtop\u00bb hover_enabled=\u00bb0&#8243; box_shadow_style=\u00bbpreset1&#8243; box_shadow_vertical=\u00bb10px\u00bb box_shadow_blur=\u00bb100px\u00bb box_shadow_color=\u00bbrgba(0,0,0,0.2)\u00bb always_center_on_mobile=\u00bboff\u00bb global_colors_info=\u00bb{}\u00bb title_text=\u00bbFranquicia-Depilarte-1 (1)\u00bb sticky_enabled=\u00bb0&#8243;][\/et_pb_image][\/et_pb_column][et_pb_column type=\u00bb1_2&#8243; _builder_version=\u00bb4.23&#8243; custom_padding=\u00bb80px||150px||false|false\u00bb global_colors_info=\u00bb{}\u00bb custom_padding__hover=\u00bb|||\u00bb][et_pb_text _builder_version=\u00bb4.23&#8243; text_font=\u00bb||||||||\u00bb header_font=\u00bb||||||||\u00bb header_line_height=\u00bb1.5em\u00bb header_2_font=\u00bb|700|||||||\u00bb header_2_text_color=\u00bb#ffffff\u00bb header_2_font_size=\u00bb42px\u00bb header_2_line_height=\u00bb1.5em\u00bb header_3_font=\u00bb||||||||\u00bb header_4_font=\u00bb||||||||\u00bb header_5_font=\u00bb||||||||\u00bb header_6_font=\u00bb||||||||\u00bb custom_margin=\u00bb-170px||10px||false|false\u00bb custom_margin_tablet=\u00bb-90px||||false|false\u00bb custom_margin_phone=\u00bb-90px||||false|false\u00bb custom_margin_last_edited=\u00bbon|tablet\u00bb locked=\u00bboff\u00bb global_colors_info=\u00bb{}\u00bb]<\/p>\n<h2>Franquicias<\/h2>\n<p>[\/et_pb_text][et_pb_divider color=\u00bb#ffffff\u00bb divider_weight=\u00bb3px\u00bb _builder_version=\u00bb4.22.2&#8243; max_width=\u00bb80px\u00bb module_alignment=\u00bbleft\u00bb height=\u00bb10px\u00bb custom_margin=\u00bb||20px|\u00bb animation_style=\u00bbslide\u00bb animation_direction=\u00bbbottom\u00bb locked=\u00bboff\u00bb global_colors_info=\u00bb{}\u00bb][\/et_pb_divider][et_pb_text _builder_version=\u00bb4.23.4&#8243; text_font=\u00bbPoppins||||||||\u00bb text_text_color=\u00bbrgba(255,255,255,0.8)\u00bb text_font_size=\u00bb17px\u00bb text_line_height=\u00bb1.8em\u00bb header_font=\u00bb||||||||\u00bb locked=\u00bboff\u00bb global_colors_info=\u00bb{}\u00bb]<\/p>\n<p>Nuestro modelo de negocio se caracteriza por su sencillez, su rentabilidad y su capacidad de adaptarse a diferentes ambientes econ\u00f3micos.<\/p>\n<p>Nuestra experiencia se ve reflejada en operar centros en m\u00e1s de 40 ciudades en 6 pa\u00edses de latinoam\u00e9rica, operando con \u00e9xito en diferentes tipos de locales y climas. Nuestro enfoque est\u00e1 en buscar emprendedores que deseen operar su negocio y tener un rol activo como franquiciados.<\/p>\n<p>Te invitamos a conocer m\u00e1s acerca de la inversi\u00f3n en una franquicia Depilarte, un negocio con bajo nivel de inversi\u00f3n y experiencia desde 2011.<\/p>\n<p>[\/et_pb_text][\/et_pb_column][\/et_pb_row][\/et_pb_section][et_pb_section fb_built=\u00bb1&#8243; custom_padding_last_edited=\u00bbon|phone\u00bb _builder_version=\u00bb4.24.0&#8243; _module_preset=\u00bbdefault\u00bb custom_padding=\u00bb0px||0px||false|false\u00bb custom_padding_tablet=\u00bb30px||30px||false|false\u00bb custom_padding_phone=\u00bb0px||30px||false|false\u00bb global_colors_info=\u00bb{}\u00bb][et_pb_row _builder_version=\u00bb4.23.4&#8243; _module_preset=\u00bbdefault\u00bb custom_padding=\u00bb23px||61px||false|false\u00bb global_colors_info=\u00bb{}\u00bb][et_pb_column type=\u00bb4_4&#8243; _builder_version=\u00bb4.23&#8243; _module_preset=\u00bbdefault\u00bb custom_padding=\u00bb50px|30px|50px|30px|true|true\u00bb box_shadow_style=\u00bbpreset1&#8243; global_colors_info=\u00bb{}\u00bb][et_pb_text _builder_version=\u00bb4.23.4&#8243; text_font=\u00bb||||||||\u00bb text_font_size=\u00bb16px\u00bb text_line_height=\u00bb2em\u00bb header_font=\u00bb||||||||\u00bb header_3_font=\u00bbRoboto|700|||||||\u00bb header_3_font_size=\u00bb30px\u00bb header_3_line_height=\u00bb1.2em\u00bb max_width=\u00bb800px\u00bb custom_margin=\u00bb||30px||false|false\u00bb text_font_size_tablet=\u00bb\u00bb text_font_size_phone=\u00bb14px\u00bb text_font_size_last_edited=\u00bbon|desktop\u00bb text_line_height_last_edited=\u00bboff|phone\u00bb header_3_font_size_tablet=\u00bb22px\u00bb header_3_font_size_phone=\u00bb18px\u00bb header_3_font_size_last_edited=\u00bbon|desktop\u00bb locked=\u00bboff\u00bb global_colors_info=\u00bb{}\u00bb]<\/p>\n<h3>Sector de la Belleza.<\/h3>\n<p>El sector de la belleza es una industria que ha experimentado un crecimiento din\u00e1mico en los \u00faltimos a\u00f1os, este crecimiento ha sido impulsado por avances tecnol\u00f3gicos que han permitido que los tratamientos est\u00e9ticos de avanzada est\u00e9n al alcance de la mayor\u00eda de personas.<\/p>\n<p>[\/et_pb_text][et_pb_button button_text=\u00bb\u00a1Emprende Ahora!\u00bb _builder_version=\u00bb4.25.1&#8243; custom_button=\u00bbon\u00bb button_text_size=\u00bb14px\u00bb button_text_color=\u00bb#ffffff\u00bb button_bg_color=\u00bb#ff7145&#8243; button_border_width=\u00bb0px\u00bb button_border_radius=\u00bb0px\u00bb button_letter_spacing=\u00bb1px\u00bb button_font=\u00bbRoboto|700||on|||||\u00bb button_use_icon=\u00bboff\u00bb custom_padding=\u00bb20px|30px|20px|30px|true|true\u00bb dsm_modules_popup=\u00bbon\u00bb dsm_modules_popup_library=\u00bb2195&#8243; box_shadow_style=\u00bbpreset3&#8243; box_shadow_vertical=\u00bb10px\u00bb box_shadow_blur=\u00bb30px\u00bb box_shadow_spread=\u00bb-10px\u00bb box_shadow_color=\u00bb#ff7145&#8243; box_shadow_vertical_last_edited=\u00bboff|desktop\u00bb locked=\u00bboff\u00bb global_colors_info=\u00bb{}\u00bb box_shadow_color__hover=\u00bb#2585b2&#8243; box_shadow_blur__hover_enabled=\u00bbon\u00bb box_shadow_blur__hover=\u00bb40px\u00bb box_shadow_vertical__hover_enabled=\u00bbon\u00bb box_shadow_vertical__hover=\u00bb20px\u00bb][\/et_pb_button][\/et_pb_column][\/et_pb_row][\/et_pb_section][et_pb_section fb_built=\u00bb1&#8243; _builder_version=\u00bb4.23.4&#8243; _module_preset=\u00bbdefault\u00bb custom_margin_tablet=\u00bb\u00bb custom_margin_phone=\u00bb-18px||||false|false\u00bb custom_margin_last_edited=\u00bbon|phone\u00bb custom_padding=\u00bb20px||3px||false|false\u00bb locked=\u00bboff\u00bb global_colors_info=\u00bb{}\u00bb][et_pb_row column_structure=\u00bb1_3,1_3,1_3&#8243; _builder_version=\u00bb4.22.2&#8243; _module_preset=\u00bbdefault\u00bb width=\u00bb90%\u00bb max_width=\u00bb1259px\u00bb custom_margin=\u00bb-35px|auto||auto||\u00bb custom_padding=\u00bb41px|||||\u00bb global_colors_info=\u00bb{}\u00bb][et_pb_column type=\u00bb1_3&#8243; _builder_version=\u00bb4.22.2&#8243; _module_preset=\u00bbdefault\u00bb global_colors_info=\u00bb{}\u00bb][et_pb_text _builder_version=\u00bb4.23.4&#8243; text_font_size=\u00bb9px\u00bb header_font=\u00bb|700|||||||\u00bb header_text_align=\u00bbcenter\u00bb header_text_color=\u00bb#79b41e\u00bb header_font_size=\u00bb31px\u00bb header_3_font=\u00bbPlayfair Display|700|||||||\u00bb header_3_text_color=\u00bb#2b2b2b\u00bb header_3_font_size=\u00bb28px\u00bb header_3_line_height=\u00bb1.5em\u00bb custom_margin=\u00bb48px||10px||false|false\u00bb custom_margin_tablet=\u00bb-35px||||false|false\u00bb custom_margin_phone=\u00bb-35px||||false|false\u00bb custom_margin_last_edited=\u00bbon|tablet\u00bb locked=\u00bboff\u00bb global_colors_info=\u00bb{}\u00bb]<\/p>\n<h1>Crecimiento Internacional<\/h1>\n<p>[\/et_pb_text][et_pb_text _builder_version=\u00bb4.23.4&#8243; _module_preset=\u00bbdefault\u00bb text_text_color=\u00bb#888888&#8243; text_font_size=\u00bb16px\u00bb text_orientation=\u00bbcenter\u00bb custom_margin_tablet=\u00bb||25px||false|false\u00bb custom_margin_phone=\u00bb||25px||false|false\u00bb custom_margin_last_edited=\u00bbon|tablet\u00bb custom_padding=\u00bb|40px||40px|false|false\u00bb custom_padding_tablet=\u00bb|40px||40px|false|false\u00bb custom_padding_phone=\u00bb|40px||40px|false|false\u00bb custom_padding_last_edited=\u00bbon|tablet\u00bb global_colors_info=\u00bb{}\u00bb]<\/p>\n<p>El sector de los cosm\u00e9ticos y la belleza personal ha tenido un crecimiento particular en los \u00faltimos a\u00f1os, solo en 2012 en mercados como Per\u00fa, Brasil, M\u00e9xico y Venezuela este sector experiment\u00f3 un crecimiento de m\u00e1s del 7%, para poner un ejemplo concreto el gasto per c\u00e1pita en la categor\u00eda de belleza personal en Per\u00fa fue de Us 331.<\/p>\n<p>Es importante notar que este es un cambio cultural, los gastos en cuidado personal pasaron de ser algo de lujo a un art\u00edculo inamovible dentro del presupuesto de los hombres y mujeres latino americanos de todos los sectores sociales.<\/p>\n<p>[\/et_pb_text][\/et_pb_column][et_pb_column type=\u00bb1_3&#8243; _builder_version=\u00bb4.22.2&#8243; _module_preset=\u00bbdefault\u00bb background_color=\u00bb#79b41e\u00bb custom_padding=\u00bb0px||36px||false|false\u00bb global_colors_info=\u00bb{}\u00bb][et_pb_text _builder_version=\u00bb4.23.4&#8243; text_text_color=\u00bb#ffffff\u00bb text_font_size=\u00bb9px\u00bb header_font=\u00bb|700|||||||\u00bb header_text_align=\u00bbcenter\u00bb header_text_color=\u00bb#ffffff\u00bb header_font_size=\u00bb31px\u00bb header_3_font=\u00bbPlayfair Display|700|||||||\u00bb header_3_text_color=\u00bb#2b2b2b\u00bb header_3_font_size=\u00bb28px\u00bb header_3_line_height=\u00bb1.5em\u00bb custom_margin=\u00bb48px||10px||false|false\u00bb locked=\u00bboff\u00bb global_colors_info=\u00bb{}\u00bb]<\/p>\n<h1>Nuestro Enfoque<\/h1>\n<p>[\/et_pb_text][et_pb_text _builder_version=\u00bb4.23.4&#8243; _module_preset=\u00bbdefault\u00bb text_font=\u00bb|700|||||||\u00bb text_text_color=\u00bb#ffffff\u00bb text_font_size=\u00bb16px\u00bb text_orientation=\u00bbcenter\u00bb custom_padding=\u00bb|40px||40px|false|false\u00bb custom_padding_tablet=\u00bb|40px||40px|false|false\u00bb custom_padding_phone=\u00bb|40px|12px|40px|false|false\u00bb custom_padding_last_edited=\u00bbon|phone\u00bb global_colors_info=\u00bb{}\u00bb]<\/p>\n<p>En Depilarte creamos nuestro modelo de precio \u00fanico por zona y sesi\u00f3n basados en extensivos estudios de mercado en los que encontramos que el 90% de las mujeres desea retirar el vello de alg\u00fan \u00e1rea de su cuerpo, adicionalmente que la mayor\u00eda de las mujeres comienza a retirar el vello de su cuerpo desde los 16 a\u00f1os.<\/p>\n<p>Nuestra idea de negocio es poder ofrecer un tratamiento de clase mundial a personas de clase media, dentro de un ambiente relajado donde se sientan seguros del tratamiento que est\u00e1n recibiendo.<\/p>\n<p>[\/et_pb_text][\/et_pb_column][et_pb_column type=\u00bb1_3&#8243; _builder_version=\u00bb4.22.2&#8243; _module_preset=\u00bbdefault\u00bb global_colors_info=\u00bb{}\u00bb][et_pb_text _builder_version=\u00bb4.23.4&#8243; text_text_color=\u00bb#79b41e\u00bb text_font_size=\u00bb9px\u00bb header_font=\u00bb|700|||||||\u00bb header_text_align=\u00bbcenter\u00bb header_text_color=\u00bb#79b41e\u00bb header_font_size=\u00bb31px\u00bb header_3_font=\u00bbPlayfair Display|700|||||||\u00bb header_3_text_color=\u00bb#2b2b2b\u00bb header_3_font_size=\u00bb28px\u00bb header_3_line_height=\u00bb1.5em\u00bb custom_margin=\u00bb48px||10px||false|false\u00bb custom_margin_tablet=\u00bb34px||||false|false\u00bb custom_margin_phone=\u00bb34px||||false|false\u00bb custom_margin_last_edited=\u00bbon|tablet\u00bb locked=\u00bboff\u00bb global_colors_info=\u00bb{}\u00bb]<\/p>\n<h1>Mercado Objetivo<\/h1>\n<p>[\/et_pb_text][et_pb_text _builder_version=\u00bb4.23.4&#8243; _module_preset=\u00bbdefault\u00bb text_text_color=\u00bb#888888&#8243; text_font_size=\u00bb16px\u00bb text_orientation=\u00bbcenter\u00bb global_colors_info=\u00bb{}\u00bb]<\/p>\n<p><span>Luego de realizar diferentes estudios de mercado en diferentes pa\u00edses de la regi\u00f3n hemos identificado a las mujeres de 25 a 35 a\u00f1os como el p\u00fablico objetivo de nuestros servicios.<\/span><\/p>\n<p>[\/et_pb_text][\/et_pb_column][\/et_pb_row][\/et_pb_section][et_pb_section fb_built=\u00bb1&#8243; custom_padding_last_edited=\u00bbon|desktop\u00bb _builder_version=\u00bb4.23.1&#8243; _module_preset=\u00bbdefault\u00bb use_background_color_gradient=\u00bbon\u00bb background_color_gradient_stops=\u00bbrgba(244,0,143,0.02) 0%|rgba(244,0,143,0.1) 100%\u00bb custom_margin=\u00bb0px||||false|false\u00bb custom_padding=\u00bb||0px||false|false\u00bb custom_padding_tablet=\u00bb||0px||false|false\u00bb custom_padding_phone=\u00bb||0px||false|false\u00bb locked=\u00bboff\u00bb global_colors_info=\u00bb{}\u00bb][et_pb_row _builder_version=\u00bb4.23&#8243; _module_preset=\u00bbdefault\u00bb custom_padding=\u00bb0px||0px||false|false\u00bb global_colors_info=\u00bb{}\u00bb][et_pb_column type=\u00bb4_4&#8243; _builder_version=\u00bb4.23&#8243; _module_preset=\u00bbdefault\u00bb global_colors_info=\u00bb{}\u00bb][et_pb_text _builder_version=\u00bb4.23.4&#8243; text_font=\u00bb||||||||\u00bb header_font=\u00bbInter|600|||||||\u00bb header_text_align=\u00bbleft\u00bb header_text_color=\u00bb#2b2b2b\u00bb header_font_size=\u00bb47px\u00bb header_line_height=\u00bb1.3em\u00bb header_2_font=\u00bbPlayfair Display|700|||||||\u00bb header_2_text_align=\u00bbleft\u00bb header_2_text_color=\u00bb#2b2b2b\u00bb header_2_font_size=\u00bb42px\u00bb header_2_line_height=\u00bb1.5em\u00bb text_orientation=\u00bbcenter\u00bb module_alignment=\u00bbcenter\u00bb custom_margin=\u00bb||10px|\u00bb header_font_size_tablet=\u00bb30px\u00bb header_font_size_phone=\u00bb30px\u00bb header_font_size_last_edited=\u00bbon|tablet\u00bb locked=\u00bboff\u00bb global_colors_info=\u00bb{}\u00bb]<\/p>\n<h1 style=\"text-align: center;\">Crecimiento Internacional<\/h1>\n<p>[\/et_pb_text][et_pb_text _builder_version=\u00bb4.23.4&#8243; _module_preset=\u00bbdefault\u00bb global_colors_info=\u00bb{}\u00bb]<\/p>\n<p style=\"text-align: center;\">Es un modelo de crecimiento de negocios en el cual un emprendedor utiliza un modelo de negocio que ha sido dise\u00f1ado por otra persona. La franquicia es en s\u00ed un acuerdo entre el franquiciante y los franquiciados donde se otorga el uso de una marca comercial reconocida, se transmite el c\u00f3mo hacer (Know-How) as\u00ed como las buenas pr\u00e1cticas y procesos administrativos y de mercadeo En retribuci\u00f3n por lo que reciben los franquiciados pagan unas regal\u00edas (Royalty) por un periodo de tiempo definido en el contrato de franquicia. El contrato de franquicia adem\u00e1s de definir el periodo de tiempo por el cual funcionar\u00e1 el negocio tambi\u00e9n define aspectos como el territorio exclusivo que tendr\u00e1 el franquiciado para operar su negocio, el apoyo que se tendr\u00e1 en aspectos como publicidad, preparaci\u00f3n, apoyo, entre otros.<\/p>\n<p>[\/et_pb_text][\/et_pb_column][\/et_pb_row][et_pb_row column_structure=\u00bb1_3,1_3,1_3&#8243; _builder_version=\u00bb4.23&#8243; _module_preset=\u00bbdefault\u00bb custom_padding=\u00bb50px||50px||false|false\u00bb global_colors_info=\u00bb{}\u00bb][et_pb_column type=\u00bb1_3&#8243; _builder_version=\u00bb4.23&#8243; _module_preset=\u00bbdefault\u00bb global_colors_info=\u00bb{}\u00bb][dsm_card title=\u00bbSoporte Global\u00bb use_content_icon=\u00bbon\u00bb font_icon=\u00bb&#xf0ac;||fa||900&#8243; badge_text=\u00bbMito 1&#8243; badge_position=\u00bbtop_left\u00bb button_url_new_window=\u00bb1&#8243; _builder_version=\u00bb4.23.4&#8243; _module_preset=\u00bbdefault\u00bb badge_font_size=\u00bb19px\u00bb text_orientation=\u00bbcenter\u00bb global_colors_info=\u00bb{}\u00bb][\/dsm_card][\/et_pb_column][et_pb_column type=\u00bb1_3&#8243; _builder_version=\u00bb4.23&#8243; _module_preset=\u00bbdefault\u00bb global_colors_info=\u00bb{}\u00bb][dsm_card title=\u00bbHerramientas Tecnol\u00f3gicas\u00bb use_content_icon=\u00bbon\u00bb font_icon=\u00bb&#xe085;||divi||400&#8243; badge_text=\u00bbMito 2&#8243; badge_position=\u00bbtop_left\u00bb button_url_new_window=\u00bb1&#8243; _builder_version=\u00bb4.23.4&#8243; _module_preset=\u00bbdefault\u00bb badge_font_size=\u00bb19px\u00bb text_orientation=\u00bbcenter\u00bb global_colors_info=\u00bb{}\u00bb][\/dsm_card][\/et_pb_column][et_pb_column type=\u00bb1_3&#8243; _builder_version=\u00bb4.23&#8243; _module_preset=\u00bbdefault\u00bb global_colors_info=\u00bb{}\u00bb][dsm_card title=\u00bbReconocimiento de Marca\u00bb use_content_icon=\u00bbon\u00bb font_icon=\u00bb&#xf5a2;||fa||900&#8243; badge_text=\u00bbMito 3&#8243; badge_position=\u00bbtop_left\u00bb button_url_new_window=\u00bb1&#8243; _builder_version=\u00bb4.23.4&#8243; _module_preset=\u00bbdefault\u00bb badge_font_size=\u00bb19px\u00bb text_orientation=\u00bbcenter\u00bb global_colors_info=\u00bb{}\u00bb][\/dsm_card][\/et_pb_column][\/et_pb_row][\/et_pb_section][et_pb_section fb_built=\u00bb1&#8243; disabled_on=\u00bboff|on|on\u00bb admin_label=\u00bbBOTON MOVIL\u00bb _builder_version=\u00bb4.23&#8243; _module_preset=\u00bbdefault\u00bb background_color=\u00bb#F4008F\u00bb positioning=\u00bbfixed\u00bb position_origin_f=\u00bbbottom_center\u00bb z_index=\u00bb9999999999&#8243; min_height=\u00bb60px\u00bb height=\u00bb65px\u00bb custom_padding=\u00bb5px||7px||false|false\u00bb motion_trigger_start=\u00bbbottom\u00bb locked=\u00bboff\u00bb global_colors_info=\u00bb{}\u00bb][et_pb_row _builder_version=\u00bb4.23&#8243; _module_preset=\u00bbdefault\u00bb background_color=\u00bb#F4008F\u00bb z_index=\u00bb999999999&#8243; custom_margin=\u00bb|auto|-23px|auto||\u00bb custom_padding=\u00bb0px||0px||false|false\u00bb global_colors_info=\u00bb{}\u00bb][et_pb_column type=\u00bb4_4&#8243; _builder_version=\u00bb4.22.2&#8243; _module_preset=\u00bbdefault\u00bb custom_padding=\u00bb0px||||false|false\u00bb global_colors_info=\u00bb{}\u00bb][dsm_button button_one_text=\u00bbSOLICITAR INFO\u00bb button_alignment=\u00bbcenter\u00bb _builder_version=\u00bb4.23&#8243; _module_preset=\u00bbdefault\u00bb custom_button_one=\u00bbon\u00bb button_one_text_size=\u00bb23px\u00bb button_one_bg_color=\u00bbRGBA(255,255,255,0)\u00bb button_one_icon=\u00bb&#xf2b9;||fa||400&#8243; button_one_icon_color=\u00bb#ffffff\u00bb button_one_icon_placement=\u00bbleft\u00bb button_one_on_hover=\u00bboff\u00bb z_index=\u00bb999999999&#8243; custom_margin=\u00bb-6px||0px||false|false\u00bb custom_padding=\u00bb3px||0px|||\u00bb dsm_modules_popup=\u00bbon\u00bb dsm_modules_popup_library=\u00bb2195&#8243; global_colors_info=\u00bb{}\u00bb][\/dsm_button][\/et_pb_column][\/et_pb_row][\/et_pb_section]<\/p>\n","protected":false},"excerpt":{"rendered":"<p>Franquicias Depilarte\u00bfPor qu\u00e9 la Franquicia Depilarte?Conoce m\u00e1s acerca de c\u00f3mo nuestra franquicia ha ayudado a decenas de emprendedores a tener un negocio propio. Con tecnolog\u00eda de punta, acompa\u00f1amiento continuo y un mercado en crecimiento hemos crecido de la mano de estos emprendedores, queremos llegar a toda latino am\u00e9rica. \u00bfEres t\u00fa el pr\u00f3ximo emprendedor en unirse al equipo?Modelo de Negocio Conoce m\u00e1s acerca de c\u00f3mo funcionan nuestras franquicias por dentro y cuales son los aspectos m\u00e1s importantes del modelo de negocio enfocado en depilaci\u00f3n l\u00e1ser AFT que nos ha llevado a tener m\u00e1s de 90 centros en 12 a\u00f1os.<div class=\"et_pb_module dsm_image_carousel dsm_image_carousel_0 dsm_image_carousel_arrow_outside dsm_image_carousel_arrow_mobile_inside \">\n\t\t\t\t\n\t\t\t\t\n\t\t\t\t\n\t\t\t\t\n\t\t\t\t\n\t\t\t\t\n\t\t\t\t<div class=\"et_pb_module_inner\">\n\t\t\t\t\t<div class=\"swiper-container dsm_image_carousel_container  dsm_image_carousel_carousel\" dir=\"ltr\"data-effect=\"default\"\n\t\t\tdata-slider-effect-shadows=\"false\"\n\t\t\tdata-slider-effect-coverflow-rotate=\"30\"\n\t\t\tdata-slider-effect-coverflow-depth=\"0\"\n\t\t\tdata-loop=\"true\"\n\t\t\tdata-slide-to-show=\"4\"\n\t\t\tdata-slide-to-show-tablet=\"1\"\n\t\t\tdata-slide-to-show-phone=\"1\"\n\t\t\tdata-slide-to-scroll=\"1\"\n\t\t\tdata-slide-to-scroll-tablet=\"1\"\n\t\t\tdata-slide-to-scroll-phone=\"1\"\n\t\t\tdata-space-between=\"0\"\n\t\t\tdata-space-between-tablet=\"0\"\n\t\t\tdata-space-between-phone=\"0\"\n\t\t\tdata-slide-row=\"1\"\n\t\t\tdata-centered-slides=\"false\"\n\t\t\tdata-speed=\"1000\"\n\t\t\tdata-autoplay=\"true\"\n\t\t\tdata-autoplay-speed=\"4000\"\n\t\t\tdata-touch-move=\"true\"\n\t\t\tdata-grab=\"true\"\n\t\t\tdata-pause-on-hover=\"false\"\n\t\t\tdata-show-lightbox=\"true\"\n\t\t\tdata-lightbox-gallery=\"false\"\n\t\t\tdata-lightbox-caption=\"false\"\n\t\t\tdata-infinite-scrolling=\"false\"\n\t\t\tdata-slide-row-tablet=\"1\"\n\t\t\tdata-slide-row-phone=\"1\"\n\t\t\tdata-autoplay-viewport=80%\n\t\t\tdata-mousewheel=\"false\"\n\t\t\tdata-lazyload=\"false\"\n\t\t\tdata-type=\"carousel\"\n\t\t\tdata-slideshow-effect=\"default\"\n\t\t\tdata-slideshow-to-show=\"4\"\n\t\t\tdata-slideshow-to-show-tablet=\"4\"\n\t\t\tdata-slideshow-to-show-phone=\"\"\n\t\t\tdata-slider-orientation=\"horizontal\"\n\t\t\t\t\t\tdata-lightbox-title=\"false\"\n\n\t\t\t><div class=\"swiper-wrapper\"><div class=\"swiper-slide dsm_image_carousel_item\"><a class=\"dsm_image_carousel_lightbox\" href=\"https:\/\/www.depilarte.co\/internacional\/wp-content\/uploads\/2024\/05\/depilacion-laser-rostro.webp\" data-mfp-src=\"https:\/\/www.depilarte.co\/internacional\/wp-content\/uploads\/2024\/05\/depilacion-laser-rostro.webp\"><img loading=\"lazy\" decoding=\"async\" src=\"https:\/\/www.depilarte.co\/internacional\/wp-content\/uploads\/2024\/05\/depilacion-laser-rostro.webp\" alt=\"\" title=\"depilacion-laser-rostro\" width=\"510\" height=\"382\" data-dsm-image-description=\"\" srcset=\"https:\/\/www.depilarte.co\/internacional\/wp-content\/uploads\/2024\/05\/depilacion-laser-rostro.webp 510w, https:\/\/www.depilarte.co\/internacional\/wp-content\/uploads\/2024\/05\/depilacion-laser-rostro-480x360.webp 480w\" sizes=\"auto, (min-width: 0px) and (max-width: 480px) 480px, (min-width: 481px) 510px, 100vw\" class=\" skip-lazy\" \/><\/a><\/div><div class=\"swiper-slide dsm_image_carousel_item\"><a class=\"dsm_image_carousel_lightbox\" href=\"https:\/\/www.depilarte.co\/internacional\/wp-content\/uploads\/2024\/05\/depilacion-laser-media-pierna.webp\" data-mfp-src=\"https:\/\/www.depilarte.co\/internacional\/wp-content\/uploads\/2024\/05\/depilacion-laser-media-pierna.webp\"><img loading=\"lazy\" decoding=\"async\" src=\"https:\/\/www.depilarte.co\/internacional\/wp-content\/uploads\/2024\/05\/depilacion-laser-media-pierna.webp\" alt=\"\" title=\"depilacion-laser-media-pierna\" width=\"510\" height=\"382\" data-dsm-image-description=\"\" srcset=\"https:\/\/www.depilarte.co\/internacional\/wp-content\/uploads\/2024\/05\/depilacion-laser-media-pierna.webp 510w, https:\/\/www.depilarte.co\/internacional\/wp-content\/uploads\/2024\/05\/depilacion-laser-media-pierna-480x360.webp 480w\" sizes=\"auto, (min-width: 0px) and (max-width: 480px) 480px, (min-width: 481px) 510px, 100vw\" class=\" skip-lazy\" \/><\/a><\/div><div class=\"swiper-slide dsm_image_carousel_item\"><a class=\"dsm_image_carousel_lightbox\" href=\"https:\/\/www.depilarte.co\/internacional\/wp-content\/uploads\/2024\/05\/Depilacion-laser-en-piernas.webp\" data-mfp-src=\"https:\/\/www.depilarte.co\/internacional\/wp-content\/uploads\/2024\/05\/Depilacion-laser-en-piernas.webp\"><img loading=\"lazy\" decoding=\"async\" src=\"https:\/\/www.depilarte.co\/internacional\/wp-content\/uploads\/2024\/05\/Depilacion-laser-en-piernas.webp\" alt=\"\" title=\"Depilacion-laser-en-piernas\" width=\"510\" height=\"382\" data-dsm-image-description=\"\" srcset=\"https:\/\/www.depilarte.co\/internacional\/wp-content\/uploads\/2024\/05\/Depilacion-laser-en-piernas.webp 510w, https:\/\/www.depilarte.co\/internacional\/wp-content\/uploads\/2024\/05\/Depilacion-laser-en-piernas-480x360.webp 480w\" sizes=\"auto, (min-width: 0px) and (max-width: 480px) 480px, (min-width: 481px) 510px, 100vw\" class=\" skip-lazy\" \/><\/a><\/div><div class=\"swiper-slide dsm_image_carousel_item\"><a class=\"dsm_image_carousel_lightbox\" href=\"https:\/\/www.depilarte.co\/internacional\/wp-content\/uploads\/2024\/05\/Depilacion-laser-aft.webp\" data-mfp-src=\"https:\/\/www.depilarte.co\/internacional\/wp-content\/uploads\/2024\/05\/Depilacion-laser-aft.webp\"><img loading=\"lazy\" decoding=\"async\" src=\"https:\/\/www.depilarte.co\/internacional\/wp-content\/uploads\/2024\/05\/Depilacion-laser-aft.webp\" alt=\"\" title=\"Depilacion-laser-aft\" width=\"510\" height=\"382\" data-dsm-image-description=\"\" srcset=\"https:\/\/www.depilarte.co\/internacional\/wp-content\/uploads\/2024\/05\/Depilacion-laser-aft.webp 510w, https:\/\/www.depilarte.co\/internacional\/wp-content\/uploads\/2024\/05\/Depilacion-laser-aft-480x360.webp 480w\" sizes=\"auto, (min-width: 0px) and (max-width: 480px) 480px, (min-width: 481px) 510px, 100vw\" class=\" skip-lazy\" \/><\/a><\/div><\/div><\/div>\n\t\t\t\t<\/div>\n\t\t\t<\/div>ModeloNuestra franquicia est\u00e1 dise\u00f1ada para poder funcionar en condiciones que garanticen un bajo costo de operaci\u00f3n, mientras que se mantiene un dise\u00f1o elegante, innovador y que garantice la satisfacci\u00f3n de nuestros clientes. Basamos nuestro modelo de negocio en la oferta de servicios de belleza con una tarifa \u00fanica por zona y sesi\u00f3n, esta tarifa ronda los 30 USD en los pa\u00edses donde tenemos presencia en la actualidad.Operacion y PersonalSi le preguntan a cualquiera de nuestros franquiciados estamos seguros que ellos podr\u00e1n compartir con ustedes la sencillez del manejo que tiene [&hellip;]<\/p>\n","protected":false},"author":1,"featured_media":0,"parent":0,"menu_order":0,"comment_status":"closed","ping_status":"closed","template":"","meta":{"_et_pb_use_builder":"on","_et_pb_old_content":"","_et_gb_content_width":"","inline_featured_image":false,"footnotes":""},"class_list":["post-2588","page","type-page","status-publish","hentry"],"_links":{"self":[{"href":"https:\/\/www.depilarte.co\/internacional\/wp-json\/wp\/v2\/pages\/2588","targetHints":{"allow":["GET"]}}],"collection":[{"href":"https:\/\/www.depilarte.co\/internacional\/wp-json\/wp\/v2\/pages"}],"about":[{"href":"https:\/\/www.depilarte.co\/internacional\/wp-json\/wp\/v2\/types\/page"}],"author":[{"embeddable":true,"href":"https:\/\/www.depilarte.co\/internacional\/wp-json\/wp\/v2\/users\/1"}],"replies":[{"embeddable":true,"href":"https:\/\/www.depilarte.co\/internacional\/wp-json\/wp\/v2\/comments?post=2588"}],"version-history":[{"count":20,"href":"https:\/\/www.depilarte.co\/internacional\/wp-json\/wp\/v2\/pages\/2588\/revisions"}],"predecessor-version":[{"id":3420,"href":"https:\/\/www.depilarte.co\/internacional\/wp-json\/wp\/v2\/pages\/2588\/revisions\/3420"}],"wp:attachment":[{"href":"https:\/\/www.depilarte.co\/internacional\/wp-json\/wp\/v2\/media?parent=2588"}],"curies":[{"name":"wp","href":"https:\/\/api.w.org\/{rel}","templated":true}]}}