{"id":484,"date":"2023-10-16T00:07:52","date_gmt":"2023-10-16T00:07:52","guid":{"rendered":"https:\/\/www.depilarte.co\/colombia_nueva\/?page_id=484"},"modified":"2026-03-02T12:20:15","modified_gmt":"2026-03-02T12:20:15","slug":"depilacion-laser-definitiva","status":"publish","type":"page","link":"https:\/\/www.depilarte.co\/colombia\/depilacion-laser-definitiva\/","title":{"rendered":"Depilaci\u00f3n L\u00e1ser AFT en Colombia"},"content":{"rendered":"<p>[et_pb_section fb_built=\u00bb1&#8243; admin_label=\u00bbHero Section\u00bb _builder_version=\u00bb4.25.1&#8243; use_background_color_gradient=\u00bbon\u00bb background_color_gradient_stops=\u00bbrgba(124,124,124,0.51) 0%|rgba(0,0,0,0) 100%\u00bb background_color_gradient_overlays_image=\u00bbon\u00bb background_color_gradient_start=\u00bb#000000&#8243; background_color_gradient_end=\u00bbrgba(0,0,0,0)\u00bb background_image=\u00bbhttps:\/\/www.depilarte.co\/colombia\/wp-content\/uploads\/2024\/05\/Depilacion-Laser-Depilarte.webp\u00bb height_tablet=\u00bb\u00bb height_phone=\u00bb155px\u00bb height_last_edited=\u00bbon|phone\u00bb custom_margin=\u00bb|||\u00bb custom_padding=\u00bb24.5%||0%|||\u00bb locked=\u00bboff\u00bb global_colors_info=\u00bb{}\u00bb][et_pb_row column_structure=\u00bb1_2,1_2&#8243; _builder_version=\u00bb4.22.2&#8243; _module_preset=\u00bbdefault\u00bb custom_margin=\u00bb-252px|auto||auto|false|false\u00bb global_colors_info=\u00bb{}\u00bb][et_pb_column type=\u00bb1_2&#8243; _builder_version=\u00bb4.22.2&#8243; _module_preset=\u00bbdefault\u00bb global_colors_info=\u00bb{}\u00bb][\/et_pb_column][et_pb_column type=\u00bb1_2&#8243; _builder_version=\u00bb4.22.2&#8243; _module_preset=\u00bbdefault\u00bb global_colors_info=\u00bb{}\u00bb][et_pb_text _builder_version=\u00bb4.25.1&#8243; _module_preset=\u00bbdefault\u00bb header_font=\u00bb|700|||||||\u00bb header_text_color=\u00bb#ffffff\u00bb header_font_size=\u00bb78px\u00bb custom_margin=\u00bb-59px||||false|false\u00bb custom_margin_tablet=\u00bb10px|||230px|false|false\u00bb custom_margin_phone=\u00bb190px|||0px|false|false\u00bb custom_margin_last_edited=\u00bbon|phone\u00bb custom_padding=\u00bb||1px|||\u00bb header_font_size_tablet=\u00bb63px\u00bb header_font_size_phone=\u00bb27px\u00bb header_font_size_last_edited=\u00bbon|tablet\u00bb header_text_shadow_style=\u00bbpreset1&#8243; locked=\u00bboff\u00bb global_colors_info=\u00bb{}\u00bb]<\/p>\n<h1 style=\"text-align: center;\">Depilaci\u00f3n L\u00e1ser AFT<\/h1>\n<p>&nbsp;<\/p>\n<p>[\/et_pb_text][\/et_pb_column][\/et_pb_row][\/et_pb_section][et_pb_section fb_built=\u00bb1&#8243; next_background_color=\u00bb#ffffff\u00bb admin_label=\u00bbAbout Us \u00bb _builder_version=\u00bb4.22.2&#8243; background_color=\u00bb#fffcfc\u00bb custom_padding=\u00bb2px|0px|16px|0px||\u00bb bottom_divider_style=\u00bbslant\u00bb bottom_divider_height=\u00bb200px\u00bb bottom_divider_repeat=\u00bb1x\u00bb bottom_divider_flip=\u00bbhorizontal\u00bb global_colors_info=\u00bb{}\u00bb][et_pb_row column_structure=\u00bb1_2,1_2&#8243; custom_padding_last_edited=\u00bbon|phone\u00bb _builder_version=\u00bb4.23.1&#8243; module_alignment=\u00bbcenter\u00bb custom_margin=\u00bb|||\u00bb custom_padding=\u00bb||51px|||\u00bb custom_padding_tablet=\u00bb||75px|||\u00bb custom_padding_phone=\u00bb||100px||false|false\u00bb global_colors_info=\u00bb{}\u00bb][et_pb_column type=\u00bb1_2&#8243; _builder_version=\u00bb4.23&#8243; background_color_gradient_direction=\u00bb35deg\u00bb background_color_gradient_start=\u00bb#ff6a88&#8243; background_color_gradient_end=\u00bb#ff99ac\u00bb global_colors_info=\u00bb{}\u00bb custom_padding__hover=\u00bb|||\u00bb][et_pb_text _builder_version=\u00bb4.23.4&#8243; text_font=\u00bb||||||||\u00bb header_font=\u00bbInter|600|||||||\u00bb header_text_align=\u00bbleft\u00bb header_text_color=\u00bb#2b2b2b\u00bb header_font_size=\u00bb47px\u00bb header_line_height=\u00bb1.3em\u00bb header_2_font=\u00bbPlayfair Display|700|||||||\u00bb header_2_text_align=\u00bbleft\u00bb header_2_text_color=\u00bb#2b2b2b\u00bb header_2_font_size=\u00bb42px\u00bb header_2_line_height=\u00bb1.5em\u00bb text_orientation=\u00bbcenter\u00bb module_alignment=\u00bbcenter\u00bb custom_margin=\u00bb||10px|\u00bb header_font_size_tablet=\u00bb30px\u00bb header_font_size_phone=\u00bb30px\u00bb header_font_size_last_edited=\u00bbon|tablet\u00bb global_colors_info=\u00bb{}\u00bb]<\/p>\n<h1 style=\"text-align: center;\">Depilaci\u00f3n L\u00e1ser en Colombia con AFT<\/h1>\n<p>[\/et_pb_text][dsm_icon_list _builder_version=\u00bb4.27.2&#8243; _module_preset=\u00bbdefault\u00bb custom_margin=\u00bb||0px||false|false\u00bb custom_padding=\u00bb0px||0px||false|false\u00bb hover_enabled=\u00bb0&#8243; locked=\u00bboff\u00bb global_colors_info=\u00bb{}\u00bb sticky_enabled=\u00bb0&#8243;][dsm_icon_list_child text=\u00bbZonas y Tarifas ($105.000)\u00bb font_icon=\u00bb&#xe0f3;||divi||400&#8243; url=\u00bb@ET-DC@eyJkeW5hbWljIjp0cnVlLCJjb250ZW50IjoicG9zdF9saW5rX3VybF9wYWdlIiwic2V0dGluZ3MiOnsicG9zdF9pZCI6IjIyNDkifX0=@\u00bb _builder_version=\u00bb4.27.2&#8243; _dynamic_attributes=\u00bburl\u00bb _module_preset=\u00bbdefault\u00bb hover_enabled=\u00bb0&#8243; global_colors_info=\u00bb{}\u00bb sticky_enabled=\u00bb0&#8243;][\/dsm_icon_list_child][\/dsm_icon_list][dsm_icon_list _builder_version=\u00bb4.23.4&#8243; _module_preset=\u00bbdefault\u00bb custom_margin=\u00bb||0px||false|false\u00bb custom_padding=\u00bb0px||0px||false|false\u00bb global_colors_info=\u00bb{}\u00bb][\/dsm_icon_list][et_pb_text _builder_version=\u00bb4.25.1&#8243; text_font=\u00bbPoppins||||||||\u00bb text_text_color=\u00bbrgba(0,0,0,0.4)\u00bb text_font_size=\u00bb16px\u00bb text_line_height=\u00bb1.9em\u00bb header_font=\u00bb||||||||\u00bb header_2_font=\u00bb||||||||\u00bb module_alignment=\u00bbcenter\u00bb custom_margin=\u00bb||30px|\u00bb global_colors_info=\u00bb{}\u00bb]<\/p>\n<p>Depilaci\u00f3n L\u00e1ser en Colombia con AFT. Te ofrecemos una opci\u00f3n indolora para olvidar la depilaci\u00f3n dolorosa con cera u hojillas. M\u00e1s de 25 centros a nivel nacional.<\/p>\n<p>[\/et_pb_text][et_pb_button button_url=\u00bb@ET-DC@eyJkeW5hbWljIjp0cnVlLCJjb250ZW50IjoicG9zdF9saW5rX3VybF9wYWdlIiwic2V0dGluZ3MiOnsicG9zdF9pZCI6IjgxMSJ9fQ==@\u00bb button_text=\u00bbreserva tu cita\u00bb button_alignment_tablet=\u00bb\u00bb button_alignment_phone=\u00bbcenter\u00bb button_alignment_last_edited=\u00bbon|phone\u00bb _builder_version=\u00bb4.27.2&#8243; _dynamic_attributes=\u00bbbutton_url\u00bb custom_button=\u00bbon\u00bb button_text_size=\u00bb14px\u00bb button_text_color=\u00bb#ffffff\u00bb button_bg_color=\u00bb#79b41e\u00bb button_border_width=\u00bb0px\u00bb button_border_radius=\u00bb0px\u00bb button_letter_spacing=\u00bb2px\u00bb button_font=\u00bbPoppins|600||on|||||\u00bb button_icon=\u00bb&#xf105;||fa||900&#8243; custom_margin=\u00bb20px|||\u00bb custom_padding=\u00bb12px|28px|12px|28px\u00bb dsm_modules_popup=\u00bbon\u00bb dsm_modules_popup_library=\u00bb1473&#8243; dsm_modules_close_background_color=\u00bbrgba(244,0,143,0.69)\u00bb dsm_modules_close_icon_color=\u00bb#FFFFFF\u00bb box_shadow_style=\u00bbpreset1&#8243; box_shadow_vertical=\u00bb10px\u00bb box_shadow_blur=\u00bb30px\u00bb box_shadow_color=\u00bbrgba(62,142,69,0.5)\u00bb button_letter_spacing_hover=\u00bb2px\u00bb locked=\u00bboff\u00bb global_colors_info=\u00bb{}\u00bb button_text_size__hover_enabled=\u00bboff\u00bb button_one_text_size__hover_enabled=\u00bboff\u00bb button_two_text_size__hover_enabled=\u00bboff\u00bb button_text_color__hover_enabled=\u00bboff\u00bb button_one_text_color__hover_enabled=\u00bboff\u00bb button_two_text_color__hover_enabled=\u00bboff\u00bb button_border_width__hover_enabled=\u00bboff\u00bb button_one_border_width__hover_enabled=\u00bboff\u00bb button_two_border_width__hover_enabled=\u00bboff\u00bb button_border_color__hover_enabled=\u00bboff\u00bb button_one_border_color__hover_enabled=\u00bboff\u00bb button_two_border_color__hover_enabled=\u00bboff\u00bb button_border_radius__hover_enabled=\u00bboff\u00bb button_one_border_radius__hover_enabled=\u00bboff\u00bb button_two_border_radius__hover_enabled=\u00bboff\u00bb button_letter_spacing__hover_enabled=\u00bbon|hover\u00bb button_letter_spacing__hover=\u00bb2px\u00bb button_one_letter_spacing__hover_enabled=\u00bboff\u00bb button_two_letter_spacing__hover_enabled=\u00bboff\u00bb button_bg_color__hover_enabled=\u00bboff\u00bb button_one_bg_color__hover_enabled=\u00bboff\u00bb button_two_bg_color__hover_enabled=\u00bboff\u00bb][\/et_pb_button][\/et_pb_column][et_pb_column type=\u00bb1_2&#8243; _builder_version=\u00bb4.23&#8243; _module_preset=\u00bbdefault\u00bb global_colors_info=\u00bb{}\u00bb][et_pb_code _builder_version=\u00bb4.23.4&#8243; _module_preset=\u00bbdefault\u00bb custom_margin_tablet=\u00bb\u00bb custom_margin_phone=\u00bb18px||||false|false\u00bb custom_margin_last_edited=\u00bbon|phone\u00bb locked=\u00bboff\u00bb global_colors_info=\u00bb{}\u00bb]<script src=\"https:\/\/fast.wistia.com\/embed\/medias\/5k4yhfqj6w.jsonp\" async><\/script><script src=\"https:\/\/fast.wistia.com\/assets\/external\/E-v1.js\" async><\/script><\/p>\n<div class=\"wistia_responsive_padding\" style=\"padding:56.25% 0 0 0;position:relative;\">\n<div class=\"wistia_responsive_wrapper\" style=\"height:100%;left:0;position:absolute;top:0;width:100%;\">\n<div class=\"wistia_embed wistia_async_5k4yhfqj6w seo=true videoFoam=true\" style=\"height:100%;position:relative;width:100%\">\n<div class=\"wistia_swatch\" style=\"height:100%;left:0;opacity:0;overflow:hidden;position:absolute;top:0;transition:opacity 200ms;width:100%;\"><img decoding=\"async\" src=\"https:\/\/fast.wistia.com\/embed\/medias\/5k4yhfqj6w\/swatch\" style=\"filter:blur(5px);height:100%;object-fit:contain;width:100%;\" alt=\"\" aria-hidden=\"true\" onload=\"this.parentNode.style.opacity=1;\" \/><\/div>\n<\/div>\n<\/div>\n<\/div>\n<p>[\/et_pb_code][\/et_pb_column][\/et_pb_row][\/et_pb_section][et_pb_section fb_built=\u00bb1&#8243; _builder_version=\u00bb4.23.1&#8243; _module_preset=\u00bbdefault\u00bb custom_padding=\u00bb0px||0px||false|false\u00bb global_colors_info=\u00bb{}\u00bb][et_pb_row column_structure=\u00bb1_2,1_2&#8243; custom_padding_last_edited=\u00bbon|phone\u00bb _builder_version=\u00bb4.23.1&#8243; _module_preset=\u00bbdefault\u00bb custom_padding=\u00bb10px||30px||false|false\u00bb custom_padding_tablet=\u00bb10px||30px||false|false\u00bb custom_padding_phone=\u00bb10px||80px||false|false\u00bb global_colors_info=\u00bb{}\u00bb][et_pb_column type=\u00bb1_2&#8243; _builder_version=\u00bb4.23.1&#8243; _module_preset=\u00bbdefault\u00bb global_colors_info=\u00bb{}\u00bb][et_pb_text _builder_version=\u00bb4.23.1&#8243; header_font=\u00bb||||||||\u00bb header_font_size=\u00bb32px\u00bb header_3_font=\u00bbPlayfair Display|700|||||||\u00bb header_3_text_color=\u00bb#2b2b2b\u00bb header_3_font_size=\u00bb28px\u00bb header_3_line_height=\u00bb1.5em\u00bb custom_margin=\u00bb||10px|\u00bb custom_margin_tablet=\u00bb||10px|\u00bb custom_margin_phone=\u00bb-59px||10px||false|false\u00bb custom_margin_last_edited=\u00bbon|phone\u00bb header_font_size_tablet=\u00bb40px\u00bb header_font_size_phone=\u00bb27px\u00bb header_font_size_last_edited=\u00bbon|phone\u00bb locked=\u00bboff\u00bb global_colors_info=\u00bb{}\u00bb]<\/p>\n<h1 style=\"text-align: center;\">Depilaci\u00f3n Laser AFT<\/h1>\n<p>[\/et_pb_text][et_pb_text _builder_version=\u00bb4.23.4&#8243; _module_preset=\u00bbdefault\u00bb global_colors_info=\u00bb{}\u00bb]<\/p>\n<p>La tecnolog\u00eda AFT est\u00e1 presente en m\u00e1s de 50 centros Depilarte en latinoam\u00e9rica nos permite aprovechar los beneficios del enfriamiento continuo para tener una experiencia indolora al momento de eliminar el vello.<\/p>\n<p>[\/et_pb_text][\/et_pb_column][et_pb_column type=\u00bb1_2&#8243; _builder_version=\u00bb4.23.1&#8243; _module_preset=\u00bbdefault\u00bb global_colors_info=\u00bb{}\u00bb][et_pb_text _builder_version=\u00bb4.23.4&#8243; _module_preset=\u00bbdefault\u00bb global_colors_info=\u00bb{}\u00bb]<\/p>\n<p>La Depilaci\u00f3n L\u00e1ser AFT es un tratamiento indoloro que te permite eliminar los vellos de tu cuerpo. Ahora disponible en Colombia en los centros Depilarte con tarifa \u00fanica por zona y sesi\u00f3n de tratamiento.<\/p>\n<p><em><strong>\u00a1ELIMINA TU VELLO NO DESEADO DE FORMA PERMANENTE!<\/strong><\/em><\/p>\n<p>[\/et_pb_text][\/et_pb_column][\/et_pb_row][\/et_pb_section][et_pb_section fb_built=\u00bb1&#8243; _builder_version=\u00bb4.22.2&#8243; _module_preset=\u00bbdefault\u00bb custom_padding=\u00bb||9px|||\u00bb global_colors_info=\u00bb{}\u00bb][et_pb_row custom_padding_last_edited=\u00bbon|phone\u00bb _builder_version=\u00bb4.23.1&#8243; _module_preset=\u00bbdefault\u00bb width=\u00bb100%\u00bb max_width=\u00bb100%\u00bb custom_margin=\u00bb-91px|auto||auto||\u00bb custom_margin_tablet=\u00bb-91px|auto||auto||\u00bb custom_margin_phone=\u00bb-155px|auto||auto|false|false\u00bb custom_margin_last_edited=\u00bbon|phone\u00bb custom_padding=\u00bb69px||69px||false|\u00bb custom_padding_tablet=\u00bb69px||69px||false|\u00bb custom_padding_phone=\u00bb||0px||false|false\u00bb global_colors_info=\u00bb{}\u00bb][et_pb_column type=\u00bb4_4&#8243; _builder_version=\u00bb4.22.2&#8243; _module_preset=\u00bbdefault\u00bb global_colors_info=\u00bb{}\u00bb][dsm_image_carousel gallery_ids=\u00bb4273,4274,4275,4276&#8243; sizes=\u00bbet-pb-portfolio-module-image\u00bb speed=\u00bb1000&#8243; autoplay_speed=\u00bb4000&#8243; space_between=\u00bb0&#8243; arrows=\u00bboff\u00bb dots=\u00bboff\u00bb show_lightbox=\u00bbon\u00bb _builder_version=\u00bb4.25.1&#8243; _module_preset=\u00bbdefault\u00bb global_colors_info=\u00bb{}\u00bb][\/dsm_image_carousel][\/et_pb_column][\/et_pb_row][\/et_pb_section][et_pb_section fb_built=\u00bb1&#8243; disabled_on=\u00bboff|off|off\u00bb _builder_version=\u00bb4.23&#8243; _module_preset=\u00bbdefault\u00bb custom_padding=\u00bb10px||||false|false\u00bb global_colors_info=\u00bb{}\u00bb][et_pb_row column_structure=\u00bb1_3,1_3,1_3&#8243; make_equal=\u00bbon\u00bb _builder_version=\u00bb4.23.1&#8243; _module_preset=\u00bbdefault\u00bb custom_padding=\u00bb0px||0px||false|false\u00bb global_colors_info=\u00bb{}\u00bb][et_pb_column type=\u00bb1_3&#8243; _builder_version=\u00bb4.23&#8243; _module_preset=\u00bbdefault\u00bb border_radii=\u00bbon|10px|10px|10px|10px\u00bb box_shadow_style=\u00bbpreset1&#8243; box_shadow_blur=\u00bb9px\u00bb global_colors_info=\u00bb{}\u00bb][dsm_card title=\u00bbR\u00e1pida\u00bb subtitle=\u00bbGracias a nuestra tecnolog\u00eda AFT\u00bb image=\u00bbhttps:\/\/www.depilarte.co\/colombia\/wp-content\/uploads\/2024\/05\/Rapida.webp\u00bb image_as_background=\u00bboff\u00bb image_width=\u00bb72%\u00bb image_alignment=\u00bbcenter\u00bb button_url_new_window=\u00bb1&#8243; image_background_height_tablet=\u00bb\u00bb image_background_height_phone=\u00bb\u00bb image_background_height_last_edited=\u00bbon|tablet\u00bb _builder_version=\u00bb4.25.1&#8243; _module_preset=\u00bbdefault\u00bb text_orientation=\u00bbcenter\u00bb global_colors_info=\u00bb{}\u00bb][\/dsm_card][\/et_pb_column][et_pb_column type=\u00bb1_3&#8243; _builder_version=\u00bb4.23&#8243; _module_preset=\u00bbdefault\u00bb border_radii=\u00bbon|10px|10px|10px|10px\u00bb box_shadow_style=\u00bbpreset1&#8243; box_shadow_blur=\u00bb9px\u00bb global_colors_info=\u00bb{}\u00bb][dsm_card title=\u00bbEfectiva\u00bb subtitle=\u00bbTrabajamos con las frecuencias que tu piel precisa\u00bb image=\u00bbhttps:\/\/www.depilarte.co\/colombia\/wp-content\/uploads\/2024\/05\/efectivo.webp\u00bb image_as_background=\u00bboff\u00bb image_width=\u00bb72%\u00bb image_alignment=\u00bbcenter\u00bb button_url_new_window=\u00bb1&#8243; image_background_height_tablet=\u00bb\u00bb image_background_height_phone=\u00bb190px\u00bb image_background_height_last_edited=\u00bbon|phone\u00bb _builder_version=\u00bb4.25.1&#8243; _module_preset=\u00bbdefault\u00bb text_orientation=\u00bbcenter\u00bb global_colors_info=\u00bb{}\u00bb][\/dsm_card][\/et_pb_column][et_pb_column type=\u00bb1_3&#8243; _builder_version=\u00bb4.23&#8243; _module_preset=\u00bbdefault\u00bb border_radii=\u00bbon|10px|10px|10px|10px\u00bb box_shadow_style=\u00bbpreset1&#8243; box_shadow_blur=\u00bb9px\u00bb global_colors_info=\u00bb{}\u00bb][dsm_card title=\u00bbPara todo tipo de pieles\u00bb subtitle=\u00bbElimina Telangiectasias con Eficacia\u00bb image=\u00bbhttps:\/\/www.depilarte.co\/colombia\/wp-content\/uploads\/2024\/05\/todo-tipo.webp\u00bb image_as_background=\u00bboff\u00bb image_width=\u00bb72%\u00bb image_alignment=\u00bbcenter\u00bb button_url_new_window=\u00bb1&#8243; image_background_height_tablet=\u00bb\u00bb image_background_height_phone=\u00bb190px\u00bb image_background_height_last_edited=\u00bbon|phone\u00bb _builder_version=\u00bb4.25.1&#8243; _module_preset=\u00bbdefault\u00bb text_orientation=\u00bbcenter\u00bb global_colors_info=\u00bb{}\u00bb][\/dsm_card][\/et_pb_column][\/et_pb_row][\/et_pb_section][et_pb_section fb_built=\u00bb1&#8243; _builder_version=\u00bb4.22.2&#8243; _module_preset=\u00bbdefault\u00bb custom_margin_tablet=\u00bb\u00bb custom_margin_phone=\u00bb-18px||||false|false\u00bb custom_margin_last_edited=\u00bbon|phone\u00bb custom_padding=\u00bb||9px|||\u00bb global_colors_info=\u00bb{}\u00bb][et_pb_row column_structure=\u00bb1_3,1_3,1_3&#8243; _builder_version=\u00bb4.23&#8243; _module_preset=\u00bbdefault\u00bb width=\u00bb90%\u00bb max_width=\u00bb1259px\u00bb custom_margin=\u00bb-35px|auto||auto||\u00bb custom_padding=\u00bb41px|||||\u00bb global_colors_info=\u00bb{}\u00bb][et_pb_column type=\u00bb1_3&#8243; _builder_version=\u00bb4.23&#8243; _module_preset=\u00bbdefault\u00bb global_colors_info=\u00bb{}\u00bb][et_pb_text _builder_version=\u00bb4.22.2&#8243; text_font_size=\u00bb9px\u00bb header_font=\u00bb||||||||\u00bb header_text_align=\u00bbcenter\u00bb header_font_size=\u00bb31px\u00bb header_3_font=\u00bbPlayfair Display|700|||||||\u00bb header_3_text_color=\u00bb#2b2b2b\u00bb header_3_font_size=\u00bb28px\u00bb header_3_line_height=\u00bb1.5em\u00bb custom_margin=\u00bb48px||10px||false|false\u00bb custom_margin_tablet=\u00bb-35px||||false|false\u00bb custom_margin_phone=\u00bb-35px||||false|false\u00bb custom_margin_last_edited=\u00bbon|tablet\u00bb locked=\u00bboff\u00bb global_colors_info=\u00bb{}\u00bb]<\/p>\n<h1>\u00bfQu\u00e9 Hacemos?<\/h1>\n<p>[\/et_pb_text][et_pb_text _builder_version=\u00bb4.23.4&#8243; _module_preset=\u00bbdefault\u00bb text_text_color=\u00bb#888888&#8243; text_font_size=\u00bb16px\u00bb text_orientation=\u00bbcenter\u00bb custom_margin_tablet=\u00bb||25px||false|false\u00bb custom_margin_phone=\u00bb||25px||false|false\u00bb custom_margin_last_edited=\u00bbon|tablet\u00bb custom_padding=\u00bb|40px||40px|false|false\u00bb custom_padding_tablet=\u00bb|40px||40px|false|false\u00bb custom_padding_phone=\u00bb|40px||40px|false|false\u00bb custom_padding_last_edited=\u00bbon|tablet\u00bb global_colors_info=\u00bb{}\u00bb]<\/p>\n<p>En la depilaci\u00f3n l\u00e1ser AFT podemos tratar el vello de forma indolora, el fol\u00edculo piloso se calienta y con ayuda de la melanina se cauteriza internamente.<\/p>\n<p>La luz del AFT transforma la fluencia de luz en energ\u00eda cal\u00f3rica para atacar sesi\u00f3n a sesi\u00f3n las estructuras responsables del crecimiento del vello hasta que el mismo detiene su crecimiento.<\/p>\n<p>Con la tecnolog\u00eda de fluorescencia avanzada puedes olvidar la dolorosa cera para depilar y las irritantes hojillas de afeitar que lastiman tu cuerpo.<\/p>\n<p>[\/et_pb_text][\/et_pb_column][et_pb_column type=\u00bb1_3&#8243; _builder_version=\u00bb4.22.2&#8243; _module_preset=\u00bbdefault\u00bb background_color=\u00bb#79b41e\u00bb custom_padding=\u00bb0px||36px||false|false\u00bb global_colors_info=\u00bb{}\u00bb][et_pb_text _builder_version=\u00bb4.22.2&#8243; text_text_color=\u00bb#ffffff\u00bb text_font_size=\u00bb9px\u00bb header_font=\u00bb|700|||||||\u00bb header_text_align=\u00bbcenter\u00bb header_text_color=\u00bb#ffffff\u00bb header_font_size=\u00bb31px\u00bb header_3_font=\u00bbPlayfair Display|700|||||||\u00bb header_3_text_color=\u00bb#2b2b2b\u00bb header_3_font_size=\u00bb28px\u00bb header_3_line_height=\u00bb1.5em\u00bb custom_margin=\u00bb48px||10px||false|false\u00bb locked=\u00bboff\u00bb global_colors_info=\u00bb{}\u00bb]<\/p>\n<h1>Resultados<\/h1>\n<p>[\/et_pb_text][et_pb_text _builder_version=\u00bb4.23.4&#8243; _module_preset=\u00bbdefault\u00bb text_font=\u00bb|700|||||||\u00bb text_text_color=\u00bb#ffffff\u00bb text_font_size=\u00bb16px\u00bb text_orientation=\u00bbcenter\u00bb custom_padding=\u00bb|40px||40px|false|false\u00bb custom_padding_tablet=\u00bb|40px||40px|false|false\u00bb custom_padding_phone=\u00bb|40px|12px|40px|false|false\u00bb custom_padding_last_edited=\u00bbon|phone\u00bb global_colors_info=\u00bb{}\u00bb]<\/p>\n<p>En algunos casos se podran apreciar desde la primera sesi\u00f3n de tratamiento, podr\u00e1s observar que el vello saldr\u00e1 mas delgado. Es importante cuidar tu piel despu\u00e9s de visitarnos con gel de sabila y bloqueador solar.<\/p>\n<p>Para obtener los resultados se necesitaran en minimo 10 sesiones de tratamiento, este numero puede variar dependiendo del color y grosor del vello de cada persona.<\/p>\n<p>Es importante que nos visites para llevar a cabo una sesi\u00f3n de valoraci\u00f3n previa antes de comenzar tu tratamiento de depilaci\u00f3n l\u00e1ser AFT. Una de nuestras expertas en depilaci\u00f3n te ofrecer\u00e1 informaci\u00f3n.<\/p>\n<p>[\/et_pb_text][\/et_pb_column][et_pb_column type=\u00bb1_3&#8243; _builder_version=\u00bb4.22.2&#8243; _module_preset=\u00bbdefault\u00bb global_colors_info=\u00bb{}\u00bb][et_pb_text _builder_version=\u00bb4.22.2&#8243; text_font_size=\u00bb9px\u00bb header_font=\u00bb||||||||\u00bb header_text_align=\u00bbcenter\u00bb header_font_size=\u00bb31px\u00bb header_3_font=\u00bbPlayfair Display|700|||||||\u00bb header_3_text_color=\u00bb#2b2b2b\u00bb header_3_font_size=\u00bb28px\u00bb header_3_line_height=\u00bb1.5em\u00bb custom_margin=\u00bb48px||10px||false|false\u00bb custom_margin_tablet=\u00bb34px||||false|false\u00bb custom_margin_phone=\u00bb34px||||false|false\u00bb custom_margin_last_edited=\u00bbon|tablet\u00bb locked=\u00bboff\u00bb global_colors_info=\u00bb{}\u00bb]<\/p>\n<h1>\u00bfQu\u00e9 es el AFT?<\/h1>\n<p>[\/et_pb_text][et_pb_text _builder_version=\u00bb4.23.4&#8243; _module_preset=\u00bbdefault\u00bb text_text_color=\u00bb#888888&#8243; text_font_size=\u00bb16px\u00bb text_orientation=\u00bbcenter\u00bb custom_padding=\u00bb|40px||40px|false|false\u00bb global_colors_info=\u00bb{}\u00bb]<\/p>\n<p>Utilizamos equipos especializados de ultima generaci\u00f3n para remover el vello con tecnolog\u00eda de fluorescencia avanzada la cual permite ajustar el calor, la refrigeraci\u00f3n y la intensidad.<\/p>\n<p>El AFT o tecnolog\u00eda de fluorescencia avanzada es la siguiente generaci\u00f3n del l\u00e1ser tradicional y al IPL, le permite a nuestras profesionales en depilaci\u00f3n realizar tratamientos especializados para obtener mejores resultados.<\/p>\n<p>Nuestra maquinaria cuenta con un sistema especial de enfriamiento sub cero de segunda generaci\u00f3n el cual nos permite ofrecer un tratamiento seguro e indoloro para tu piel.<\/p>\n<p>[\/et_pb_text][\/et_pb_column][\/et_pb_row][\/et_pb_section][et_pb_section fb_built=\u00bb1&#8243; disabled_on=\u00bboff|on|on\u00bb admin_label=\u00bbWHATSAPP MOVIL\u00bb _builder_version=\u00bb4.23&#8243; _module_preset=\u00bbdefault\u00bb background_color=\u00bb#F4008F\u00bb positioning=\u00bbfixed\u00bb position_origin_f=\u00bbbottom_center\u00bb z_index=\u00bb9999999999&#8243; min_height=\u00bb60px\u00bb height=\u00bb65px\u00bb custom_padding=\u00bb5px||7px||false|false\u00bb motion_trigger_start=\u00bbbottom\u00bb locked=\u00bboff\u00bb global_colors_info=\u00bb{}\u00bb][et_pb_row _builder_version=\u00bb4.23&#8243; _module_preset=\u00bbdefault\u00bb background_color=\u00bb#F4008F\u00bb z_index=\u00bb999999999&#8243; custom_margin=\u00bb|auto|-23px|auto||\u00bb custom_padding=\u00bb0px||0px||false|false\u00bb global_colors_info=\u00bb{}\u00bb][et_pb_column type=\u00bb4_4&#8243; _builder_version=\u00bb4.22.2&#8243; _module_preset=\u00bbdefault\u00bb custom_padding=\u00bb0px||||false|false\u00bb global_colors_info=\u00bb{}\u00bb][dsm_button button_one_text=\u00bbRESERVA TU CITA\u00bb button_alignment=\u00bbcenter\u00bb _builder_version=\u00bb4.23.1&#8243; _module_preset=\u00bbdefault\u00bb custom_button_one=\u00bbon\u00bb button_one_text_size=\u00bb23px\u00bb button_one_bg_color=\u00bbRGBA(255,255,255,0)\u00bb button_one_icon=\u00bb&#xf2b9;||fa||400&#8243; button_one_icon_color=\u00bb#ffffff\u00bb button_one_icon_placement=\u00bbleft\u00bb button_one_on_hover=\u00bboff\u00bb z_index=\u00bb999999999&#8243; custom_margin=\u00bb-6px||0px|25px|false|false\u00bb custom_margin_tablet=\u00bb-6px||0px|25px|false|false\u00bb custom_margin_phone=\u00bb-6px||0px|25px|false|false\u00bb custom_margin_last_edited=\u00bbon|desktop\u00bb custom_padding=\u00bb3px||0px|||\u00bb dsm_modules_popup=\u00bbon\u00bb dsm_modules_popup_library=\u00bb1473&#8243; global_colors_info=\u00bb{}\u00bb][\/dsm_button][\/et_pb_column][\/et_pb_row][\/et_pb_section][et_pb_section fb_built=\u00bb1&#8243; admin_label=\u00bbPorcentajes\u00bb _builder_version=\u00bb4.23&#8243; custom_margin_tablet=\u00bb\u00bb custom_margin_phone=\u00bb-20px|-60px||-60px|false|true\u00bb custom_margin_last_edited=\u00bbon|phone\u00bb custom_padding=\u00bb60px|0px|0px|0px|false|false\u00bb locked=\u00bboff\u00bb global_colors_info=\u00bb{}\u00bb][et_pb_row column_structure=\u00bb1_2,1_2&#8243; _builder_version=\u00bb4.23&#8243; width=\u00bb70%\u00bb max_width=\u00bb70%\u00bb module_alignment=\u00bbcenter\u00bb custom_margin=\u00bb|||\u00bb custom_padding=\u00bb0px||0px|\u00bb use_custom_width=\u00bbon\u00bb width_unit=\u00bboff\u00bb custom_width_percent=\u00bb70%\u00bb global_colors_info=\u00bb{}\u00bb][et_pb_column type=\u00bb1_2&#8243; _builder_version=\u00bb4.23&#8243; use_background_color_gradient=\u00bbon\u00bb background_color_gradient_direction=\u00bb0deg\u00bb background_color_gradient_stops=\u00bb#ffffff 50%|#f4008f 50%\u00bb background_color_gradient_start=\u00bb#ffffff\u00bb background_color_gradient_start_position=\u00bb50%\u00bb background_color_gradient_end=\u00bb#ff9d82&#8243; background_color_gradient_end_position=\u00bb50%\u00bb custom_padding=\u00bb5%|5%||5%\u00bb global_colors_info=\u00bb{}\u00bb custom_padding__hover=\u00bb|||\u00bb][et_pb_image src=\u00bbhttps:\/\/www.depilarte.co\/colombia\/wp-content\/uploads\/2024\/05\/Resultados-Efectivos.webp\u00bb title_text=\u00bbResultados Efectivos\u00bb force_fullwidth=\u00bbon\u00bb _builder_version=\u00bb4.25.1&#8243; custom_margin=\u00bb|||\u00bb custom_margin_tablet=\u00bb||0px|\u00bb custom_margin_phone=\u00bb\u00bb custom_margin_last_edited=\u00bbon|phone\u00bb custom_padding=\u00bb|||\u00bb animation_style=\u00bbslide\u00bb animation_direction=\u00bbbottom\u00bb animation_intensity_slide=\u00bb6%\u00bb animation_starting_opacity=\u00bb100%\u00bb box_shadow_style=\u00bbpreset1&#8243; box_shadow_vertical=\u00bb10px\u00bb box_shadow_blur=\u00bb100px\u00bb box_shadow_color=\u00bbrgba(0,0,0,0.2)\u00bb always_center_on_mobile=\u00bboff\u00bb global_colors_info=\u00bb{}\u00bb][\/et_pb_image][\/et_pb_column][et_pb_column type=\u00bb1_2&#8243; _builder_version=\u00bb4.16&#8243; custom_padding=\u00bb40px|40px|40px|40px\u00bb global_colors_info=\u00bb{}\u00bb custom_padding__hover=\u00bb|||\u00bb][et_pb_text _builder_version=\u00bb4.23&#8243; text_font=\u00bb||||||||\u00bb header_font=\u00bbInter|600|||||||\u00bb header_text_align=\u00bbleft\u00bb header_text_color=\u00bb#2b2b2b\u00bb header_font_size=\u00bb47px\u00bb header_line_height=\u00bb1.3em\u00bb header_2_font=\u00bbPlayfair Display|700|||||||\u00bb header_2_text_align=\u00bbleft\u00bb header_2_text_color=\u00bb#2b2b2b\u00bb header_2_font_size=\u00bb42px\u00bb header_2_line_height=\u00bb1.5em\u00bb text_orientation=\u00bbcenter\u00bb module_alignment=\u00bbcenter\u00bb custom_margin=\u00bb||10px|\u00bb header_font_size_tablet=\u00bb30px\u00bb header_font_size_phone=\u00bb30px\u00bb header_font_size_last_edited=\u00bbon|tablet\u00bb locked=\u00bboff\u00bb global_colors_info=\u00bb{}\u00bb]<\/p>\n<h1>Resultados Efectivos<\/h1>\n<p>[\/et_pb_text][et_pb_divider color=\u00bb#F4008F\u00bb divider_weight=\u00bb3px\u00bb disabled_on=\u00bbon|on|off\u00bb _builder_version=\u00bb4.23&#8243; max_width=\u00bb80px\u00bb module_alignment=\u00bbleft\u00bb height=\u00bb10px\u00bb custom_margin=\u00bb||20px|\u00bb animation_style=\u00bbslide\u00bb animation_direction=\u00bbbottom\u00bb saved_tabs=\u00bball\u00bb locked=\u00bboff\u00bb global_colors_info=\u00bb{}\u00bb][\/et_pb_divider][et_pb_text _builder_version=\u00bb4.23.1&#8243; text_font=\u00bbPoppins||||||||\u00bb text_text_color=\u00bbrgba(0,0,0,0.4)\u00bb text_font_size=\u00bb16px\u00bb text_line_height=\u00bb1.9em\u00bb header_font=\u00bb||||||||\u00bb header_2_font=\u00bb||||||||\u00bb max_width=\u00bb600px\u00bb module_alignment=\u00bbleft\u00bb custom_margin=\u00bb||30px|\u00bb global_colors_info=\u00bb{}\u00bb]<\/p>\n<p><span>La depilaci\u00f3n l\u00e1ser con tecnolog\u00eda AFT (Advanced Fluorescence Technology) es un m\u00e9todo de depilaci\u00f3n que utiliza pulsos de luz para eliminar los fol\u00edculos pilosos y el crecimiento del vello.<\/span><\/p>\n<p><span>La depilaci\u00f3n l\u00e1ser AFT es conocida por ser m\u00e1s efectiva y menos dolorosa que otros m\u00e9todos de depilaci\u00f3n l\u00e1ser. Adem\u00e1s, la tecnolog\u00eda AFT permite tratar una gama m\u00e1s amplia de tonos de piel y tipos de vello.<\/span><\/p>\n<p>[\/et_pb_text][\/et_pb_column][\/et_pb_row][\/et_pb_section][et_pb_section fb_built=\u00bb1&#8243; custom_padding_last_edited=\u00bbon|phone\u00bb disabled_on=\u00bboff|off|off\u00bb _builder_version=\u00bb4.25.1&#8243; _module_preset=\u00bbdefault\u00bb custom_padding=\u00bb60px||||false|false\u00bb custom_padding_tablet=\u00bb20px||||false|false\u00bb custom_padding_phone=\u00bb0px||||false|false\u00bb locked=\u00bboff\u00bb global_colors_info=\u00bb{}\u00bb][et_pb_row _builder_version=\u00bb4.23&#8243; _module_preset=\u00bbdefault\u00bb custom_padding=\u00bb0px||60px||false|false\u00bb global_colors_info=\u00bb{}\u00bb][et_pb_column type=\u00bb4_4&#8243; _builder_version=\u00bb4.25.1&#8243; _module_preset=\u00bbdefault\u00bb global_colors_info=\u00bb{}\u00bb][et_pb_counters disabled_on=\u00bboff|off|off\u00bb _builder_version=\u00bb4.25.1&#8243; title_font=\u00bb|600|||||||\u00bb title_text_color=\u00bb#1F2129&#8243; percent_text_color=\u00bb#1F2129&#8243; percent_font_size=\u00bb14px\u00bb background_color=\u00bbrgba(221,221,221,0.45)\u00bb custom_margin=\u00bb|||\u00bb custom_padding=\u00bb0px||0px|\u00bb locked=\u00bboff\u00bb global_colors_info=\u00bb{}\u00bb][et_pb_counter percent=\u00bb89&#8243; bar_background_color=\u00bb#F4008F\u00bb _builder_version=\u00bb4.23&#8243; title_font=\u00bbMontserrat||||\u00bb title_font_size=\u00bb15px\u00bb title_line_height=\u00bb3em\u00bb percent_font=\u00bbMontserrat||||\u00bb global_colors_info=\u00bb{}\u00bb bar_background_color_default=\u00bb#79b41e\u00bb use_percentages=\u00bbon\u00bb]Sin Dolor[\/et_pb_counter][et_pb_counter percent=\u00bb92&#8243; bar_background_color=\u00bb#79B41E\u00bb _builder_version=\u00bb4.23&#8243; title_font=\u00bbMontserrat||||\u00bb title_font_size=\u00bb15px\u00bb title_line_height=\u00bb3em\u00bb percent_font=\u00bbMontserrat||||\u00bb global_colors_info=\u00bb{}\u00bb bar_background_color_default=\u00bb#79b41e\u00bb use_percentages=\u00bbon\u00bb]Eficaz[\/et_pb_counter][et_pb_counter percent=\u00bb100&#8243; bar_background_color=\u00bb#F4008F\u00bb _builder_version=\u00bb4.23&#8243; title_font=\u00bbMontserrat||||\u00bb title_font_size=\u00bb15px\u00bb title_line_height=\u00bb3em\u00bb percent_font=\u00bbMontserrat||||\u00bb global_colors_info=\u00bb{}\u00bb bar_background_color_default=\u00bb#79b41e\u00bb use_percentages=\u00bbon\u00bb]R\u00e1pida[\/et_pb_counter][et_pb_counter percent=\u00bb100&#8243; bar_background_color=\u00bb#79B41E\u00bb _builder_version=\u00bb4.23&#8243; title_font=\u00bbMontserrat||||\u00bb title_font_size=\u00bb15px\u00bb title_line_height=\u00bb3em\u00bb percent_font=\u00bbMontserrat||||\u00bb global_colors_info=\u00bb{}\u00bb bar_background_color_default=\u00bb#79b41e\u00bb use_percentages=\u00bbon\u00bb]Todo tipo de piel[\/et_pb_counter][\/et_pb_counters][\/et_pb_column][\/et_pb_row][\/et_pb_section][et_pb_section fb_built=\u00bb1&#8243; disabled_on=\u00bboff|off|off\u00bb admin_label=\u00bbCollections\u00bb _builder_version=\u00bb4.23.1&#8243; background_color=\u00bbRGBA(255,255,255,0)\u00bb custom_margin_tablet=\u00bb\u00bb custom_margin_phone=\u00bb-70px||||false|false\u00bb custom_margin_last_edited=\u00bbon|phone\u00bb custom_padding=\u00bb43px|0px|50px|0px|false|false\u00bb top_divider_height=\u00bb200px\u00bb top_divider_flip=\u00bbhorizontal\u00bb bottom_divider_height=\u00bb200px\u00bb bottom_divider_flip=\u00bbhorizontal\u00bb global_colors_info=\u00bb{}\u00bb][et_pb_row column_structure=\u00bb1_2,1_2&#8243; custom_padding_last_edited=\u00bbon|tablet\u00bb _builder_version=\u00bb4.22.2&#8243; _module_preset=\u00bbdefault\u00bb custom_margin=\u00bb0px|auto|-14px|auto|false|false\u00bb custom_margin_tablet=\u00bb0px||||false|false\u00bb custom_margin_phone=\u00bb0px||||false|false\u00bb custom_margin_last_edited=\u00bbon|tablet\u00bb custom_padding=\u00bb60px||19px|||\u00bb custom_padding_tablet=\u00bb23px||23px||false|false\u00bb custom_padding_phone=\u00bb23px||23px||false|false\u00bb box_shadow_style=\u00bbpreset1&#8243; box_shadow_spread=\u00bb-9px\u00bb global_colors_info=\u00bb{}\u00bb][et_pb_column type=\u00bb1_2&#8243; _builder_version=\u00bb4.22.2&#8243; _module_preset=\u00bbdefault\u00bb global_colors_info=\u00bb{}\u00bb][et_pb_text _builder_version=\u00bb4.22.2&#8243; _module_preset=\u00bbdefault\u00bb text_font=\u00bb|800|||||||\u00bb header_font=\u00bb|700|||||||\u00bb header_text_align=\u00bbcenter\u00bb header_text_color=\u00bb#79b41e\u00bb header_font_size=\u00bb29px\u00bb custom_padding=\u00bb|0px||||\u00bb header_font_size_tablet=\u00bb29px\u00bb header_font_size_phone=\u00bb23px\u00bb header_font_size_last_edited=\u00bbon|phone\u00bb global_colors_info=\u00bb{}\u00bb]<\/p>\n<h1>Tarifa \u00danica por Zona y Sesi\u00f3n<\/h1>\n<p>[\/et_pb_text][\/et_pb_column][et_pb_column type=\u00bb1_2&#8243; _builder_version=\u00bb4.25.1&#8243; _module_preset=\u00bbdefault\u00bb global_colors_info=\u00bb{}\u00bb][et_pb_button button_url=\u00bb@ET-DC@eyJkeW5hbWljIjp0cnVlLCJjb250ZW50IjoicG9zdF9saW5rX3VybF9wYWdlIiwic2V0dGluZ3MiOnsicG9zdF9pZCI6IjIyNDkifX0=@\u00bb button_text=\u00bb$105.000&#8243; button_alignment=\u00bbcenter\u00bb _builder_version=\u00bb4.27.2&#8243; _dynamic_attributes=\u00bbbutton_url\u00bb custom_button=\u00bbon\u00bb button_text_size=\u00bb59px\u00bb button_text_color=\u00bb#ffffff\u00bb button_bg_color=\u00bb#79b41e\u00bb button_border_width=\u00bb0px\u00bb button_border_radius=\u00bb0px\u00bb button_letter_spacing=\u00bb2px\u00bb button_font=\u00bbPoppins|600||on|||||\u00bb button_use_icon=\u00bboff\u00bb custom_margin=\u00bb-45px||||false|false\u00bb custom_margin_tablet=\u00bb-19px||||false|false\u00bb custom_margin_phone=\u00bb-19px||||false|false\u00bb custom_margin_last_edited=\u00bbon|tablet\u00bb custom_padding=\u00bb12px|28px|12px|28px|false|false\u00bb custom_padding_tablet=\u00bb0px|0px|0px|0px|false|false\u00bb custom_padding_phone=\u00bb0px|0px|0px|0px|false|false\u00bb custom_padding_last_edited=\u00bbon|tablet\u00bb hover_enabled=\u00bb0&#8243; button_text_size_tablet=\u00bb39px\u00bb button_text_size_phone=\u00bb25px\u00bb button_text_size_last_edited=\u00bbon|tablet\u00bb box_shadow_style=\u00bbpreset1&#8243; box_shadow_vertical=\u00bb10px\u00bb box_shadow_blur=\u00bb30px\u00bb box_shadow_color=\u00bbrgba(62,142,69,0.5)\u00bb button_letter_spacing_hover=\u00bb2px\u00bb locked=\u00bboff\u00bb global_colors_info=\u00bb{}\u00bb button_text_size__hover_enabled=\u00bboff\u00bb button_one_text_size__hover_enabled=\u00bboff\u00bb button_two_text_size__hover_enabled=\u00bboff\u00bb button_text_color__hover_enabled=\u00bboff\u00bb button_one_text_color__hover_enabled=\u00bboff\u00bb button_two_text_color__hover_enabled=\u00bboff\u00bb button_border_width__hover_enabled=\u00bboff\u00bb button_one_border_width__hover_enabled=\u00bboff\u00bb button_two_border_width__hover_enabled=\u00bboff\u00bb button_border_color__hover_enabled=\u00bboff\u00bb button_one_border_color__hover_enabled=\u00bboff\u00bb button_two_border_color__hover_enabled=\u00bboff\u00bb button_border_radius__hover_enabled=\u00bboff\u00bb button_one_border_radius__hover_enabled=\u00bboff\u00bb button_two_border_radius__hover_enabled=\u00bboff\u00bb button_letter_spacing__hover_enabled=\u00bbon|hover\u00bb button_letter_spacing__hover=\u00bb2px\u00bb button_one_letter_spacing__hover_enabled=\u00bboff\u00bb button_two_letter_spacing__hover_enabled=\u00bboff\u00bb button_bg_color__hover_enabled=\u00bboff\u00bb button_one_bg_color__hover_enabled=\u00bboff\u00bb button_two_bg_color__hover_enabled=\u00bboff\u00bb sticky_enabled=\u00bb0&#8243;][\/et_pb_button][\/et_pb_column][\/et_pb_row][\/et_pb_section][et_pb_section fb_built=\u00bb1&#8243; disabled_on=\u00bboff|off|off\u00bb admin_label=\u00bbSecci\u00f3n cta cita\u00bb _builder_version=\u00bb4.25.1&#8243; _module_preset=\u00bbdefault\u00bb background_image=\u00bbhttps:\/\/www.depilarte.co\/colombia\/wp-content\/uploads\/2024\/05\/Depilacion-Laser-Depilarte-2-1.webp\u00bb custom_margin=\u00bb50px||||false|false\u00bb locked=\u00bboff\u00bb global_colors_info=\u00bb{}\u00bb][et_pb_row _builder_version=\u00bb4.25.1&#8243; _module_preset=\u00bbdefault\u00bb custom_padding=\u00bb0px||70px||false|false\u00bb global_colors_info=\u00bb{}\u00bb][et_pb_column type=\u00bb4_4&#8243; _builder_version=\u00bb4.25.1&#8243; _module_preset=\u00bbdefault\u00bb global_colors_info=\u00bb{}\u00bb][et_pb_text _builder_version=\u00bb4.24.0&#8243; _module_preset=\u00bbdefault\u00bb header_text_align=\u00bbcenter\u00bb header_text_color=\u00bb#FFFFFF\u00bb header_font_size=\u00bb53px\u00bb header_font_size_tablet=\u00bb53px\u00bb header_font_size_phone=\u00bb35px\u00bb header_font_size_last_edited=\u00bbon|phone\u00bb header_text_shadow_style=\u00bbpreset1&#8243; global_colors_info=\u00bb{}\u00bb]<\/p>\n<h1><span>\u00a1<\/span>Agenda tu sesi\u00f3n de depilaci\u00f3n!<\/h1>\n<p>[\/et_pb_text][\/et_pb_column][\/et_pb_row][\/et_pb_section][et_pb_section fb_built=\u00bb1&#8243; disabled_on=\u00bboff|off|off\u00bb admin_label=\u00bbBotono cta invisible en movil\u00bb _builder_version=\u00bb4.25.1&#8243; _module_preset=\u00bbdefault\u00bb custom_margin=\u00bb0px||||false|false\u00bb custom_padding=\u00bb0px||0px||false|false\u00bb locked=\u00bboff\u00bb global_colors_info=\u00bb{}\u00bb][et_pb_row _builder_version=\u00bb4.23&#8243; _module_preset=\u00bbdefault\u00bb custom_padding=\u00bb0px||0px||false|false\u00bb global_colors_info=\u00bb{}\u00bb][et_pb_column type=\u00bb4_4&#8243; _builder_version=\u00bb4.23&#8243; _module_preset=\u00bbdefault\u00bb global_colors_info=\u00bb{}\u00bb][et_pb_button button_text=\u00bbAgenda tu cita\u00bb button_alignment=\u00bbcenter\u00bb _builder_version=\u00bb4.23&#8243; custom_button=\u00bbon\u00bb button_text_size=\u00bb14px\u00bb button_text_color=\u00bb#ffffff\u00bb button_bg_color=\u00bb#79b41e\u00bb button_border_width=\u00bb0px\u00bb button_border_radius=\u00bb0px\u00bb button_letter_spacing=\u00bb2px\u00bb button_font=\u00bbPoppins|600||on|||||\u00bb button_icon=\u00bb&#xf105;||fa||900&#8243; custom_margin=\u00bb-100px||||false|false\u00bb custom_padding=\u00bb12px|28px|12px|28px\u00bb dsm_modules_popup=\u00bbon\u00bb dsm_modules_popup_library=\u00bb1473&#8243; dsm_modules_close_background_color=\u00bbrgba(244,0,143,0.69)\u00bb dsm_modules_close_icon_color=\u00bb#FFFFFF\u00bb box_shadow_style=\u00bbpreset1&#8243; box_shadow_vertical=\u00bb10px\u00bb box_shadow_blur=\u00bb30px\u00bb box_shadow_color=\u00bbrgba(62,142,69,0.5)\u00bb button_letter_spacing_hover=\u00bb2px\u00bb locked=\u00bboff\u00bb global_colors_info=\u00bb{}\u00bb button_text_size__hover_enabled=\u00bboff\u00bb button_one_text_size__hover_enabled=\u00bboff\u00bb button_two_text_size__hover_enabled=\u00bboff\u00bb button_text_color__hover_enabled=\u00bboff\u00bb button_one_text_color__hover_enabled=\u00bboff\u00bb button_two_text_color__hover_enabled=\u00bboff\u00bb button_border_width__hover_enabled=\u00bboff\u00bb button_one_border_width__hover_enabled=\u00bboff\u00bb button_two_border_width__hover_enabled=\u00bboff\u00bb button_border_color__hover_enabled=\u00bboff\u00bb button_one_border_color__hover_enabled=\u00bboff\u00bb button_two_border_color__hover_enabled=\u00bboff\u00bb button_border_radius__hover_enabled=\u00bboff\u00bb button_one_border_radius__hover_enabled=\u00bboff\u00bb button_two_border_radius__hover_enabled=\u00bboff\u00bb button_letter_spacing__hover_enabled=\u00bbon|hover\u00bb button_letter_spacing__hover=\u00bb2px\u00bb button_one_letter_spacing__hover_enabled=\u00bboff\u00bb button_two_letter_spacing__hover_enabled=\u00bboff\u00bb button_bg_color__hover_enabled=\u00bboff\u00bb button_one_bg_color__hover_enabled=\u00bboff\u00bb button_two_bg_color__hover_enabled=\u00bboff\u00bb][\/et_pb_button][\/et_pb_column][\/et_pb_row][\/et_pb_section][et_pb_section fb_built=\u00bb1&#8243; custom_padding_last_edited=\u00bbon|desktop\u00bb _builder_version=\u00bb4.23.1&#8243; _module_preset=\u00bbdefault\u00bb use_background_color_gradient=\u00bbon\u00bb background_color_gradient_stops=\u00bbrgba(244,0,143,0.02) 0%|rgba(244,0,143,0.1) 100%\u00bb custom_margin=\u00bb0px||||false|false\u00bb custom_padding=\u00bb||0px||false|false\u00bb custom_padding_tablet=\u00bb||0px||false|false\u00bb custom_padding_phone=\u00bb||0px||false|false\u00bb locked=\u00bboff\u00bb global_colors_info=\u00bb{}\u00bb][et_pb_row _builder_version=\u00bb4.23&#8243; _module_preset=\u00bbdefault\u00bb custom_padding=\u00bb0px||0px||false|false\u00bb global_colors_info=\u00bb{}\u00bb][et_pb_column type=\u00bb4_4&#8243; _builder_version=\u00bb4.23&#8243; _module_preset=\u00bbdefault\u00bb global_colors_info=\u00bb{}\u00bb][et_pb_text _builder_version=\u00bb4.23&#8243; text_font=\u00bb||||||||\u00bb header_font=\u00bbInter|600|||||||\u00bb header_text_align=\u00bbleft\u00bb header_text_color=\u00bb#2b2b2b\u00bb header_font_size=\u00bb47px\u00bb header_line_height=\u00bb1.3em\u00bb header_2_font=\u00bbPlayfair Display|700|||||||\u00bb header_2_text_align=\u00bbleft\u00bb header_2_text_color=\u00bb#2b2b2b\u00bb header_2_font_size=\u00bb42px\u00bb header_2_line_height=\u00bb1.5em\u00bb text_orientation=\u00bbcenter\u00bb module_alignment=\u00bbcenter\u00bb custom_margin=\u00bb||10px|\u00bb header_font_size_tablet=\u00bb30px\u00bb header_font_size_phone=\u00bb30px\u00bb header_font_size_last_edited=\u00bbon|tablet\u00bb locked=\u00bboff\u00bb global_colors_info=\u00bb{}\u00bb]<\/p>\n<h1 style=\"text-align: center;\">Mitos de la Depilaci\u00f3n L\u00e1ser<\/h1>\n<p>[\/et_pb_text][\/et_pb_column][\/et_pb_row][et_pb_row column_structure=\u00bb1_3,1_3,1_3&#8243; _builder_version=\u00bb4.23&#8243; _module_preset=\u00bbdefault\u00bb custom_padding=\u00bb50px||50px||false|false\u00bb global_colors_info=\u00bb{}\u00bb][et_pb_column type=\u00bb1_3&#8243; _builder_version=\u00bb4.23&#8243; _module_preset=\u00bbdefault\u00bb global_colors_info=\u00bb{}\u00bb][dsm_card title=\u00bbLa depilaci\u00f3n l\u00e1ser no es permanente\u00bb image=\u00bbhttps:\/\/www.depilarte.co\/colombia\/wp-content\/uploads\/2024\/05\/Efectividad-Depilacion-Laser.webp\u00bb badge_text=\u00bbMito 1&#8243; badge_position=\u00bbtop_left\u00bb button_url_new_window=\u00bb1&#8243; _builder_version=\u00bb4.25.1&#8243; _module_preset=\u00bbdefault\u00bb badge_font_size=\u00bb19px\u00bb text_orientation=\u00bbcenter\u00bb global_colors_info=\u00bb{}\u00bb]<\/p>\n<p>FALSO, la depilaci\u00f3n l\u00e1ser tiene resultados a largo plazo. Elimina el 90% de los vellos en crecimiento.<\/p>\n<p>[\/dsm_card][\/et_pb_column][et_pb_column type=\u00bb1_3&#8243; _builder_version=\u00bb4.23&#8243; _module_preset=\u00bbdefault\u00bb global_colors_info=\u00bb{}\u00bb][dsm_card title=\u00bbLa depilaci\u00f3n l\u00e1ser es dolorosa\u00bb image=\u00bbhttps:\/\/www.depilarte.co\/colombia\/wp-content\/uploads\/2024\/05\/Dolor-Depilacion-Laser.webp\u00bb badge_text=\u00bbMito 2&#8243; badge_position=\u00bbtop_left\u00bb button_url_new_window=\u00bb1&#8243; _builder_version=\u00bb4.25.1&#8243; _module_preset=\u00bbdefault\u00bb badge_font_size=\u00bb19px\u00bb text_orientation=\u00bbcenter\u00bb global_colors_info=\u00bb{}\u00bb]<\/p>\n<p>FALSO, si bien algunas personas pueden experimentar una sensaci\u00f3n de hormigueo o calor durante el tratamiento, la mayor\u00eda de los pacientes no consideran que la depilaci\u00f3n l\u00e1ser sea dolorosa.<\/p>\n<p>[\/dsm_card][\/et_pb_column][et_pb_column type=\u00bb1_3&#8243; _builder_version=\u00bb4.23&#8243; _module_preset=\u00bbdefault\u00bb global_colors_info=\u00bb{}\u00bb][dsm_card title=\u00bbLa depilaci\u00f3n l\u00e1ser es muy cara\u00bb image=\u00bbhttps:\/\/www.depilarte.co\/colombia\/wp-content\/uploads\/2024\/05\/Costo-Depilacion-laser.webp\u00bb badge_text=\u00bbMito 3&#8243; badge_position=\u00bbtop_left\u00bb button_url_new_window=\u00bb1&#8243; _builder_version=\u00bb4.25.1&#8243; _module_preset=\u00bbdefault\u00bb badge_font_size=\u00bb19px\u00bb text_orientation=\u00bbcenter\u00bb global_colors_info=\u00bb{}\u00bb]<\/p>\n<p><span>FALSO, aunque puede tener un costo inicial m\u00e1s elevado en comparaci\u00f3n con otros m\u00e9todos temporales, como la cera o las cuchillas, a largo plazo resulta m\u00e1s econ\u00f3mico, ya que reduce la necesidad de tratamientos continuos.<\/span><\/p>\n<p>[\/dsm_card][\/et_pb_column][\/et_pb_row][\/et_pb_section][et_pb_section fb_built=\u00bb1&#8243; _builder_version=\u00bb4.23&#8243; _module_preset=\u00bbdefault\u00bb custom_padding=\u00bb0px||0px||false|false\u00bb locked=\u00bboff\u00bb global_colors_info=\u00bb{}\u00bb][et_pb_row column_structure=\u00bb1_3,2_3&#8243; _builder_version=\u00bb4.23.1&#8243; _module_preset=\u00bbdefault\u00bb custom_margin=\u00bb||-60px||false|false\u00bb custom_margin_tablet=\u00bb||-120px||false|false\u00bb custom_margin_phone=\u00bb||-60px||false|false\u00bb custom_margin_last_edited=\u00bbon|phone\u00bb custom_padding=\u00bb100px||0px||false|false\u00bb global_colors_info=\u00bb{}\u00bb][et_pb_column type=\u00bb1_3&#8243; _builder_version=\u00bb4.23&#8243; _module_preset=\u00bbdefault\u00bb global_colors_info=\u00bb{}\u00bb][et_pb_image src=\u00bbhttps:\/\/www.depilarte.co\/colombia\/wp-content\/uploads\/2024\/05\/Diseno-sin-titulo-2023-11-02T202634.273.webp\u00bb title_text=\u00bbDiseno-sin-titulo-2023-11-02T202634.273&#8243; disabled_on=\u00bbon|on|off\u00bb _builder_version=\u00bb4.25.1&#8243; _module_preset=\u00bbdefault\u00bb global_colors_info=\u00bb{}\u00bb][\/et_pb_image][\/et_pb_column][et_pb_column type=\u00bb2_3&#8243; _builder_version=\u00bb4.23&#8243; _module_preset=\u00bbdefault\u00bb global_colors_info=\u00bb{}\u00bb][et_pb_text _builder_version=\u00bb4.23&#8243; text_font=\u00bb||||||||\u00bb header_font=\u00bbInter|600|||||||\u00bb header_text_align=\u00bbleft\u00bb header_text_color=\u00bb#2b2b2b\u00bb header_font_size=\u00bb47px\u00bb header_line_height=\u00bb1.3em\u00bb header_2_font=\u00bbPlayfair Display|700|||||||\u00bb header_2_text_align=\u00bbleft\u00bb header_2_text_color=\u00bb#2b2b2b\u00bb header_2_font_size=\u00bb42px\u00bb header_2_line_height=\u00bb1.5em\u00bb text_orientation=\u00bbcenter\u00bb module_alignment=\u00bbcenter\u00bb custom_margin=\u00bb-50px||10px||false|false\u00bb custom_padding_tablet=\u00bb\u00bb custom_padding_phone=\u00bb0px||||false|false\u00bb custom_padding_last_edited=\u00bbon|tablet\u00bb header_font_size_tablet=\u00bb30px\u00bb header_font_size_phone=\u00bb30px\u00bb header_font_size_last_edited=\u00bbon|tablet\u00bb locked=\u00bboff\u00bb global_colors_info=\u00bb{}\u00bb]<\/p>\n<h1>Preguntas frecuentes<\/h1>\n<p>[\/et_pb_text][dsm_faq _builder_version=\u00bb4.23.1&#8243; _module_preset=\u00bbdefault\u00bb global_colors_info=\u00bb{}\u00bb][dsm_faq_child dsm_title=\u00bb\u00bfQu\u00e9 es la depilaci\u00f3n l\u00e1ser con tecnolog\u00eda AFT?\u00bb dsm_content=\u00bb<\/p>\n<p><span>La depilaci\u00f3n l\u00e1ser con tecnolog\u00eda AFT (Advanced Fluorescence Technology) es un m\u00e9todo de depilaci\u00f3n que utiliza pulsos de luz para eliminar los fol\u00edculos pilosos y el crecimiento del vello.<\/span><\/p>\n<p>\u00bb dsm_child_open_font_icon=\u00bb&#x3d;||divi||400&#8243; dsm_child_close_font_icon=\u00bb&#x3c;||divi||400&#8243; _builder_version=\u00bb4.23.1&#8243; _module_preset=\u00bbdefault\u00bb global_colors_info=\u00bb{}\u00bb parentOrderClass=\u00bbdsm_faq_0&#8243;][\/dsm_faq_child][dsm_faq_child dsm_title=\u00bb\u00bfEs seguro el procedimiento de depilaci\u00f3n l\u00e1ser AFT?\u00bb dsm_content=\u00bb<\/p>\n<p><span>S\u00ed, el procedimiento es seguro cuando es realizado por un profesional capacitado. Sin embargo, como cualquier procedimiento, puede tener algunos efectos secundarios menores como enrojecimiento o sensibilidad en la zona tratada, en nuestros centros encontrar\u00e1n la asesor\u00eda adecuada de acuerdo a tu tipo de piel.<\/span><\/p>\n<p>\u00bb dsm_child_open_font_icon=\u00bb&#x3d;||divi||400&#8243; dsm_child_close_font_icon=\u00bb&#x3c;||divi||400&#8243; _builder_version=\u00bb4.23&#8243; _module_preset=\u00bbdefault\u00bb global_colors_info=\u00bb{}\u00bb parentOrderClass=\u00bbdsm_faq_0&#8243;][\/dsm_faq_child][dsm_faq_child dsm_title=\u00bb\u00bfCu\u00e1l es la diferencia entre la depilaci\u00f3n l\u00e1ser AFT y otros m\u00e9todos de depilaci\u00f3n l\u00e1ser?\u00bb dsm_content=\u00bb<\/p>\n<p><span>La depilaci\u00f3n l\u00e1ser AFT es conocida por ser m\u00e1s efectiva y menos dolorosa que otros m\u00e9todos de depilaci\u00f3n l\u00e1ser. Adem\u00e1s, la tecnolog\u00eda AFT permite tratar una gama m\u00e1s amplia de tonos de piel y tipos de vello.<\/span><\/p>\n<p>\u00bb dsm_child_open_font_icon=\u00bb&#x3d;||divi||400&#8243; dsm_child_close_font_icon=\u00bb&#x3c;||divi||400&#8243; _builder_version=\u00bb4.23.1&#8243; _module_preset=\u00bbdefault\u00bb global_colors_info=\u00bb{}\u00bb parentOrderClass=\u00bbdsm_faq_0&#8243;][\/dsm_faq_child][dsm_faq_child dsm_title=\u00bb\u00bfCu\u00e1ntas sesiones de depilaci\u00f3n l\u00e1ser AFT se necesitan para ver resultados?\u00bb dsm_content=\u00bb<\/p>\n<div class=%22pt-6%22 data-headlessui-state=%22open%22>\n<p class=%22text-base leading-7 font-light%22>Normalmente, los clientes tienen resultados visibles desde la tercera sesi\u00f3n. Dependiendo del tipo de vello y piel se recomienda de 10 a 12 sesiones para experimentar resultados definitivos.<\/p>\n<\/div>\n<p>\u00bb dsm_child_open_font_icon=\u00bb&#x3d;||divi||400&#8243; dsm_child_close_font_icon=\u00bb&#x3c;||divi||400&#8243; _builder_version=\u00bb4.23&#8243; _module_preset=\u00bbdefault\u00bb global_colors_info=\u00bb{}\u00bb parentOrderClass=\u00bbdsm_faq_0&#8243;][\/dsm_faq_child][dsm_faq_child dsm_title=\u00bb\u00bfHay otros tratamientos adicionales que se pueden conseguir con la misma m\u00e1quina AFT?\u00bb dsm_content=\u00bb<\/p>\n<div class=%22pt-6%22 data-headlessui-state=%22open%22>\n<p class=%22text-base leading-7 font-light%22><span>La depilaci\u00f3n AFT se presenta como el mayor avance en tecnolog\u00eda para la remoci\u00f3n de vello. Esta tecnolog\u00eda por convertir la luz ultravioleta, que no era utilizada hasta el momento por el IPL, para brindar beneficios al paciente. Esto se logra utilizando cabezales AFT con doble filtro los cuales se aseguran de que la emisi\u00f3n de luz en el espectro de luz \u00f3ptimo para el tratamiento que deseamos aplicar sea tratamiento del acn\u00e9, rejuvenecimiento facial, depilaci\u00f3n AFT o tratamiento de lesiones vasculares. Una de las caracter\u00edsticas innovadoras que posee esta tecnolog\u00eda es que protege a\u00fan m\u00e1s la piel del paciente pues optimiza los niveles de salida de energ\u00eda. La distribuci\u00f3n uniforme de la fluencia de cada pulso que emite la tecnolog\u00eda AFT la cual entrega la energ\u00eda \u00f3ptima durante la duraci\u00f3n del pulso, de esta forma se crea un pulso cuadrado e uniforme con un nivel m\u00e1ximo definido de energ\u00eda, esto garantiza aumentar la eficacia y reducir las molestias al paciente. En el gr\u00e1fico podemos apreciar la forma que tiene el pulso que emite el AFT.<\/span><\/p>\n<\/div>\n<p>\u00bb dsm_child_open_font_icon=\u00bb&#x3d;||divi||400&#8243; dsm_child_close_font_icon=\u00bb&#x3c;||divi||400&#8243; _builder_version=\u00bb4.23&#8243; _module_preset=\u00bbdefault\u00bb global_colors_info=\u00bb{}\u00bb parentOrderClass=\u00bbdsm_faq_0&#8243;][\/dsm_faq_child][\/dsm_faq][\/et_pb_column][\/et_pb_row][\/et_pb_section][et_pb_section fb_built=\u00bb1&#8243; disabled_on=\u00bbon|on|off\u00bb admin_label=\u00bbFooter Escritorio\u00bb _builder_version=\u00bb4.23&#8243; background_enable_color=\u00bboff\u00bb use_background_color_gradient=\u00bbon\u00bb background_color_gradient_direction=\u00bb131deg\u00bb background_color_gradient_stops=\u00bb#f4008f 0%|#ff99ac 100%\u00bb background_color_gradient_start=\u00bb#ff6a88&#8243; background_color_gradient_end=\u00bb#ff99ac\u00bb max_width=\u00bb80%\u00bb max_width_tablet=\u00bb\u00bb max_width_phone=\u00bb\u00bb max_width_last_edited=\u00bbon|phone\u00bb module_alignment=\u00bbcenter\u00bb custom_margin_tablet=\u00bb\u00bb custom_margin_phone=\u00bb-70px||||false|false\u00bb custom_margin_last_edited=\u00bbon|phone\u00bb custom_padding=\u00bb0px|0px|0px|0px\u00bb animation_direction=\u00bbbottom\u00bb box_shadow_style=\u00bbpreset7&#8243; box_shadow_horizontal=\u00bb0px\u00bb box_shadow_vertical=\u00bb100px\u00bb box_shadow_color=\u00bb#ffffff\u00bb saved_tabs=\u00bball\u00bb locked=\u00bboff\u00bb global_colors_info=\u00bb{}\u00bb][et_pb_row column_structure=\u00bb1_4,1_4,1_4,1_4&#8243; module_class=\u00bb et_pb_row_fullwidth\u00bb _builder_version=\u00bb4.23.1&#8243; background_color_gradient_direction=\u00bb38deg\u00bb width=\u00bb89%\u00bb width_tablet=\u00bb80%\u00bb width_phone=\u00bb80%\u00bb width_last_edited=\u00bbon|desktop\u00bb max_width=\u00bb89%\u00bb max_width_tablet=\u00bb80%\u00bb max_width_phone=\u00bb80%\u00bb max_width_last_edited=\u00bbon|desktop\u00bb module_alignment=\u00bbcenter\u00bb custom_padding=\u00bb129px|||||\u00bb make_fullwidth=\u00bbon\u00bb locked=\u00bboff\u00bb global_colors_info=\u00bb{}\u00bb][et_pb_column type=\u00bb1_4&#8243; _builder_version=\u00bb4.16&#8243; custom_padding=\u00bb120px|||\u00bb global_colors_info=\u00bb{}\u00bb custom_padding__hover=\u00bb|||\u00bb][et_pb_text _builder_version=\u00bb4.23.4&#8243; _dynamic_attributes=\u00bblink_option_url\u00bb text_font=\u00bbPoppins||||||||\u00bb text_text_color=\u00bbrgba(0,0,0,0.5)\u00bb text_font_size=\u00bb16px\u00bb text_line_height=\u00bb1.9em\u00bb header_font=\u00bb||||||||\u00bb header_4_font=\u00bb|700||on|||||\u00bb header_4_font_size=\u00bb16px\u00bb header_4_letter_spacing=\u00bb1px\u00bb header_4_line_height=\u00bb1.5em\u00bb background_layout=\u00bbdark\u00bb custom_margin_tablet=\u00bb-60px||||false|false\u00bb custom_margin_phone=\u00bb-60px||||false|false\u00bb custom_margin_last_edited=\u00bbon|tablet\u00bb link_option_url=\u00bb@ET-DC@eyJkeW5hbWljIjp0cnVlLCJjb250ZW50IjoicG9zdF9saW5rX3VybF9wYWdlIiwic2V0dGluZ3MiOnsicG9zdF9pZCI6IjQ4NCJ9fQ==@\u00bb locked=\u00bboff\u00bb global_colors_info=\u00bb{}\u00bb]<\/p>\n<h4>Tratamientos<\/h4>\n<p>Depilacion Laser<\/p>\n<p>[\/et_pb_text][et_pb_text _builder_version=\u00bb4.23.1&#8243; _dynamic_attributes=\u00bblink_option_url\u00bb text_font=\u00bbPoppins||||||||\u00bb text_text_color=\u00bbrgba(0,0,0,0.5)\u00bb text_font_size=\u00bb16px\u00bb text_line_height=\u00bb1.9em\u00bb header_font=\u00bb||||||||\u00bb header_4_font=\u00bb|700||on|||||\u00bb header_4_font_size=\u00bb16px\u00bb header_4_letter_spacing=\u00bb1px\u00bb header_4_line_height=\u00bb1.5em\u00bb background_layout=\u00bbdark\u00bb custom_margin=\u00bb-40px||||false|false\u00bb custom_margin_tablet=\u00bb-30px||||false|false\u00bb custom_margin_phone=\u00bb||||false|false\u00bb custom_margin_last_edited=\u00bbon|tablet\u00bb link_option_url=\u00bb@ET-DC@eyJkeW5hbWljIjp0cnVlLCJjb250ZW50IjoicG9zdF9saW5rX3VybF9wYWdlIiwic2V0dGluZ3MiOnsicG9zdF9pZCI6IjEyMzgifX0=@\u00bb locked=\u00bboff\u00bb global_colors_info=\u00bb{}\u00bb]<\/p>\n<p>Rejuvenecimiento<\/p>\n<p>[\/et_pb_text][et_pb_text _builder_version=\u00bb4.23.1&#8243; _dynamic_attributes=\u00bblink_option_url\u00bb text_font=\u00bbPoppins||||||||\u00bb text_text_color=\u00bbrgba(0,0,0,0.5)\u00bb text_font_size=\u00bb16px\u00bb text_line_height=\u00bb1.9em\u00bb header_font=\u00bb||||||||\u00bb header_4_font=\u00bb|700||on|||||\u00bb header_4_font_size=\u00bb16px\u00bb header_4_letter_spacing=\u00bb1px\u00bb header_4_line_height=\u00bb1.5em\u00bb background_layout=\u00bbdark\u00bb custom_margin=\u00bb-40px||||false|false\u00bb custom_margin_tablet=\u00bb-30px||||false|false\u00bb custom_margin_phone=\u00bb||||false|false\u00bb custom_margin_last_edited=\u00bbon|tablet\u00bb link_option_url=\u00bb@ET-DC@eyJkeW5hbWljIjp0cnVlLCJjb250ZW50IjoicG9zdF9saW5rX3VybF9wYWdlIiwic2V0dGluZ3MiOnsicG9zdF9pZCI6IjEyNDYifX0=@\u00bb locked=\u00bboff\u00bb global_colors_info=\u00bb{}\u00bb]<\/p>\n<p>Anti Acn\u00e9<\/p>\n<p>[\/et_pb_text][et_pb_text _builder_version=\u00bb4.23.4&#8243; _dynamic_attributes=\u00bblink_option_url\u00bb text_font=\u00bbPoppins||||||||\u00bb text_text_color=\u00bbrgba(0,0,0,0.5)\u00bb text_font_size=\u00bb16px\u00bb text_line_height=\u00bb1.9em\u00bb header_font=\u00bb||||||||\u00bb header_4_font=\u00bb|700||on|||||\u00bb header_4_font_size=\u00bb16px\u00bb header_4_letter_spacing=\u00bb1px\u00bb header_4_line_height=\u00bb1.5em\u00bb background_layout=\u00bbdark\u00bb custom_margin=\u00bb-40px||||false|false\u00bb custom_margin_tablet=\u00bb-30px||||false|false\u00bb custom_margin_phone=\u00bb||||false|false\u00bb custom_margin_last_edited=\u00bbon|tablet\u00bb link_option_url=\u00bb@ET-DC@eyJkeW5hbWljIjp0cnVlLCJjb250ZW50IjoicG9zdF9saW5rX3VybF9wYWdlIiwic2V0dGluZ3MiOnsicG9zdF9pZCI6IjEyNTYifX0=@\u00bb locked=\u00bboff\u00bb global_colors_info=\u00bb{}\u00bb]<\/p>\n<p>Difuminaci\u00f3n<\/p>\n<p>[\/et_pb_text][et_pb_text _builder_version=\u00bb4.23.1&#8243; _dynamic_attributes=\u00bblink_option_url\u00bb text_font=\u00bbPoppins||||||||\u00bb text_text_color=\u00bbrgba(0,0,0,0.5)\u00bb text_font_size=\u00bb16px\u00bb text_line_height=\u00bb1.9em\u00bb header_font=\u00bb||||||||\u00bb header_4_font=\u00bb|700||on|||||\u00bb header_4_font_size=\u00bb16px\u00bb header_4_letter_spacing=\u00bb1px\u00bb header_4_line_height=\u00bb1.5em\u00bb background_layout=\u00bbdark\u00bb link_option_url=\u00bb@ET-DC@eyJkeW5hbWljIjp0cnVlLCJjb250ZW50IjoicG9zdF9saW5rX3VybF9wYWdlIiwic2V0dGluZ3MiOnsicG9zdF9pZCI6IjUzOSJ9fQ==@\u00bb locked=\u00bboff\u00bb global_colors_info=\u00bb{}\u00bb]<\/p>\n<h4>Forma Parte de la Franquicia<\/h4>\n<p>Franquiciate<\/p>\n<p>[\/et_pb_text][\/et_pb_column][et_pb_column type=\u00bb1_4&#8243; _builder_version=\u00bb4.16&#8243; custom_padding=\u00bb|||\u00bb global_colors_info=\u00bb{}\u00bb custom_padding__hover=\u00bb|||\u00bb][et_pb_text _builder_version=\u00bb4.23.1&#8243; _dynamic_attributes=\u00bblink_option_url\u00bb text_font=\u00bbPoppins||||||||\u00bb text_text_color=\u00bbrgba(0,0,0,0.5)\u00bb text_font_size=\u00bb16px\u00bb text_line_height=\u00bb1.9em\u00bb header_font=\u00bb||||||||\u00bb header_4_font=\u00bb|700||on|||||\u00bb header_4_font_size=\u00bb16px\u00bb header_4_letter_spacing=\u00bb1px\u00bb header_4_line_height=\u00bb1.5em\u00bb background_layout=\u00bbdark\u00bb custom_margin=\u00bb120px||||false|false\u00bb custom_margin_tablet=\u00bb60px||||false|false\u00bb custom_margin_phone=\u00bb0px||||false|false\u00bb custom_margin_last_edited=\u00bbon|desktop\u00bb link_option_url=\u00bb@ET-DC@eyJkeW5hbWljIjp0cnVlLCJjb250ZW50IjoicG9zdF9saW5rX3VybF9wYWdlIiwic2V0dGluZ3MiOnsicG9zdF9pZCI6IjI0OTAifX0=@\u00bb locked=\u00bboff\u00bb global_colors_info=\u00bb{}\u00bb]<\/p>\n<h4>Centros Depilarte<\/h4>\n<p>Centros Depilarte<\/p>\n<p>[\/et_pb_text][et_pb_text _builder_version=\u00bb4.23.4&#8243; _dynamic_attributes=\u00bblink_option_url\u00bb _module_preset=\u00bbdefault\u00bb text_font=\u00bbPoppins||||||||\u00bb text_text_color=\u00bbrgba(0,0,0,0.5)\u00bb text_font_size=\u00bb13px\u00bb text_line_height=\u00bb1.9em\u00bb header_font=\u00bb||||||||\u00bb header_4_font=\u00bb|700||on|||||\u00bb header_4_font_size=\u00bb16px\u00bb header_4_letter_spacing=\u00bb1px\u00bb header_4_line_height=\u00bb1.5em\u00bb background_layout=\u00bbdark\u00bb link_option_url=\u00bb@ET-DC@eyJkeW5hbWljIjp0cnVlLCJjb250ZW50IjoicG9zdF9saW5rX3VybF9wYWdlIiwic2V0dGluZ3MiOnsicG9zdF9pZCI6IjkwMiJ9fQ==@\u00bb global_colors_info=\u00bb{}\u00bb]<\/p>\n<h4>Correo<\/h4>\n<p><span data-sheets-root=\"1\" data-sheets-value=\"{&quot;1&quot;:2,&quot;2&quot;:&quot;info@depilarte.com&quot;}\" data-sheets-userformat=\"{&quot;2&quot;:14979,&quot;3&quot;:{&quot;1&quot;:0},&quot;4&quot;:{&quot;1&quot;:2,&quot;2&quot;:16777215},&quot;10&quot;:0,&quot;12&quot;:0,&quot;14&quot;:{&quot;1&quot;:2,&quot;2&quot;:2236962},&quot;15&quot;:&quot;\\&quot;Google Sans\\&quot;, Roboto, RobotoDraft, Helvetica, Arial, sans-serif&quot;,&quot;16&quot;:11}\">info@depilarte.com<\/span><\/p>\n<p>[\/et_pb_text][et_pb_text _builder_version=\u00bb4.23.1&#8243; _module_preset=\u00bbdefault\u00bb text_font=\u00bbPoppins||||||||\u00bb text_text_color=\u00bbrgba(0,0,0,0.5)\u00bb text_font_size=\u00bb16px\u00bb text_line_height=\u00bb1.9em\u00bb header_font=\u00bb||||||||\u00bb header_4_font=\u00bb|700||on|||||\u00bb header_4_font_size=\u00bb16px\u00bb header_4_letter_spacing=\u00bb1px\u00bb header_4_line_height=\u00bb1.5em\u00bb background_layout=\u00bbdark\u00bb global_colors_info=\u00bb{}\u00bb]<\/p>\n<h4>Siguenos<\/h4>\n<p>[\/et_pb_text][et_pb_social_media_follow _builder_version=\u00bb4.23.4&#8243; _module_preset=\u00bbdefault\u00bb custom_margin=\u00bb-30px||||false|false\u00bb global_colors_info=\u00bb{}\u00bb][et_pb_social_media_follow_network social_network=\u00bbfacebook\u00bb url=\u00bbhttps:\/\/www.facebook.com\/Depilartecolombia\/\u00bb _builder_version=\u00bb4.23.4&#8243; _module_preset=\u00bbdefault\u00bb background_color=\u00bb#3b5998&#8243; global_colors_info=\u00bb{}\u00bb follow_button=\u00bboff\u00bb url_new_window=\u00bbon\u00bb]facebook[\/et_pb_social_media_follow_network][et_pb_social_media_follow_network social_network=\u00bbinstagram\u00bb url=\u00bbhttps:\/\/www.instagram.com\/depilarteco\/\u00bb _builder_version=\u00bb4.23.4&#8243; _module_preset=\u00bbdefault\u00bb background_color=\u00bb#ea2c59&#8243; global_colors_info=\u00bb{}\u00bb follow_button=\u00bboff\u00bb url_new_window=\u00bbon\u00bb]instagram[\/et_pb_social_media_follow_network][\/et_pb_social_media_follow][\/et_pb_column][et_pb_column type=\u00bb1_4&#8243; _builder_version=\u00bb4.16&#8243; custom_padding=\u00bb|||\u00bb global_colors_info=\u00bb{}\u00bb custom_padding__hover=\u00bb|||\u00bb][et_pb_text _builder_version=\u00bb4.23.1&#8243; _dynamic_attributes=\u00bblink_option_url\u00bb text_font=\u00bbPoppins||||||||\u00bb text_text_color=\u00bbrgba(0,0,0,0.5)\u00bb text_font_size=\u00bb16px\u00bb text_line_height=\u00bb1.9em\u00bb header_font=\u00bb||||||||\u00bb header_4_font=\u00bb|700||on|||||\u00bb header_4_font_size=\u00bb16px\u00bb header_4_letter_spacing=\u00bb1px\u00bb header_4_line_height=\u00bb1.5em\u00bb background_layout=\u00bbdark\u00bb custom_margin=\u00bb120px||||false|false\u00bb custom_margin_tablet=\u00bb0px||||false|false\u00bb custom_margin_phone=\u00bb0px||||false|false\u00bb custom_margin_last_edited=\u00bbon|desktop\u00bb link_option_url=\u00bb@ET-DC@eyJkeW5hbWljIjp0cnVlLCJjb250ZW50IjoicG9zdF9saW5rX3VybF9wYWdlIiwic2V0dGluZ3MiOnsicG9zdF9pZCI6IjIyNDkifX0=@\u00bb locked=\u00bboff\u00bb global_colors_info=\u00bb{}\u00bb]<\/p>\n<h4>Zonas y Tarifas<\/h4>\n<p>Nuestras Tarifas<\/p>\n<p>[\/et_pb_text][et_pb_text _builder_version=\u00bb4.23.1&#8243; text_font=\u00bbPoppins||||||||\u00bb text_text_color=\u00bbrgba(0,0,0,0.5)\u00bb text_font_size=\u00bb16px\u00bb text_line_height=\u00bb1.9em\u00bb header_font=\u00bb||||||||\u00bb header_4_font=\u00bb|700||on|||||\u00bb header_4_font_size=\u00bb16px\u00bb header_4_letter_spacing=\u00bb1px\u00bb header_4_line_height=\u00bb1.5em\u00bb background_layout=\u00bbdark\u00bb locked=\u00bboff\u00bb global_colors_info=\u00bb{}\u00bb]<\/p>\n<h4>Noticias<\/h4>\n<p>Blog<\/p>\n<p>[\/et_pb_text][\/et_pb_column][et_pb_column type=\u00bb1_4&#8243; _builder_version=\u00bb4.16&#8243; custom_padding=\u00bb|||\u00bb global_colors_info=\u00bb{}\u00bb custom_padding__hover=\u00bb|||\u00bb][et_pb_text _builder_version=\u00bb4.23.1&#8243; _dynamic_attributes=\u00bblink_option_url\u00bb text_font=\u00bbPoppins||||||||\u00bb text_text_color=\u00bbrgba(0,0,0,0.5)\u00bb text_font_size=\u00bb16px\u00bb text_line_height=\u00bb1.9em\u00bb header_font=\u00bb||||||||\u00bb header_4_font=\u00bb|700||on|||||\u00bb header_4_font_size=\u00bb16px\u00bb header_4_letter_spacing=\u00bb1px\u00bb header_4_line_height=\u00bb1.5em\u00bb background_layout=\u00bbdark\u00bb custom_margin=\u00bb120px||||false|false\u00bb custom_margin_tablet=\u00bb0px||||false|false\u00bb custom_margin_phone=\u00bb0px||||false|false\u00bb custom_margin_last_edited=\u00bbon|desktop\u00bb link_option_url=\u00bb@ET-DC@eyJkeW5hbWljIjp0cnVlLCJjb250ZW50IjoicG9zdF9saW5rX3VybF9wYWdlIiwic2V0dGluZ3MiOnsicG9zdF9pZCI6IjkwMiJ9fQ==@\u00bb locked=\u00bboff\u00bb global_colors_info=\u00bb{}\u00bb]<\/p>\n<h4>Cont\u00e1ctanos<\/h4>\n<p>Contacto<\/p>\n<p>[\/et_pb_text][et_pb_text _builder_version=\u00bb4.23.1&#8243; _dynamic_attributes=\u00bblink_option_url\u00bb text_font=\u00bbPoppins||||||||\u00bb text_text_color=\u00bbrgba(0,0,0,0.5)\u00bb text_font_size=\u00bb16px\u00bb text_line_height=\u00bb1.9em\u00bb header_font=\u00bb||||||||\u00bb header_4_font=\u00bb|700||on|||||\u00bb header_4_font_size=\u00bb16px\u00bb header_4_letter_spacing=\u00bb1px\u00bb header_4_line_height=\u00bb1.5em\u00bb background_layout=\u00bbdark\u00bb custom_margin=\u00bb-40px||||false|false\u00bb custom_margin_tablet=\u00bb-30px||||false|false\u00bb custom_margin_phone=\u00bb||||false|false\u00bb custom_margin_last_edited=\u00bbon|tablet\u00bb link_option_url=\u00bb@ET-DC@eyJkeW5hbWljIjp0cnVlLCJjb250ZW50IjoicG9zdF9saW5rX3VybF9wYWdlIiwic2V0dGluZ3MiOnsicG9zdF9pZCI6IjkzMSJ9fQ==@\u00bb locked=\u00bboff\u00bb global_colors_info=\u00bb{}\u00bb]<\/p>\n<p>PQRS<\/p>\n<p>[\/et_pb_text][et_pb_text _builder_version=\u00bb4.23.1&#8243; _dynamic_attributes=\u00bblink_option_url\u00bb text_font=\u00bbPoppins||||||||\u00bb text_text_color=\u00bbrgba(0,0,0,0.5)\u00bb text_font_size=\u00bb16px\u00bb text_line_height=\u00bb1.9em\u00bb header_font=\u00bb||||||||\u00bb header_4_font=\u00bb|700||on|||||\u00bb header_4_font_size=\u00bb16px\u00bb header_4_letter_spacing=\u00bb1px\u00bb header_4_line_height=\u00bb1.5em\u00bb background_layout=\u00bbdark\u00bb custom_margin=\u00bb-40px||||false|false\u00bb custom_margin_tablet=\u00bb-30px||||false|false\u00bb custom_margin_phone=\u00bb||||false|false\u00bb custom_margin_last_edited=\u00bbon|tablet\u00bb link_option_url=\u00bb@ET-DC@eyJkeW5hbWljIjp0cnVlLCJjb250ZW50IjoicG9zdF9saW5rX3VybF9wYWdlIiwic2V0dGluZ3MiOnsicG9zdF9pZCI6IjkzNiJ9fQ==@\u00bb locked=\u00bboff\u00bb global_colors_info=\u00bb{}\u00bb]<\/p>\n<p>Empleos<\/p>\n<p>[\/et_pb_text][et_pb_text _builder_version=\u00bb4.23.1&#8243; _dynamic_attributes=\u00bblink_option_url\u00bb text_font=\u00bbPoppins||||||||\u00bb text_text_color=\u00bbrgba(0,0,0,0.5)\u00bb text_font_size=\u00bb16px\u00bb text_line_height=\u00bb1.9em\u00bb header_font=\u00bb||||||||\u00bb header_4_font=\u00bb|700||on|||||\u00bb header_4_font_size=\u00bb16px\u00bb header_4_letter_spacing=\u00bb1px\u00bb header_4_line_height=\u00bb1.5em\u00bb background_layout=\u00bbdark\u00bb link_option_url=\u00bb@ET-DC@eyJkeW5hbWljIjp0cnVlLCJjb250ZW50IjoicG9zdF9saW5rX3VybF9wYWdlIiwic2V0dGluZ3MiOnsicG9zdF9pZCI6IjE2MzMifX0=@\u00bb locked=\u00bboff\u00bb global_colors_info=\u00bb{}\u00bb]<\/p>\n<h4>T\u00e9rminos y Condiciones<\/h4>\n<p>Pol\u00edtica de uso<\/p>\n<p>[\/et_pb_text][\/et_pb_column][\/et_pb_row][\/et_pb_section][et_pb_section fb_built=\u00bb1&#8243; disabled_on=\u00bboff|off|on\u00bb admin_label=\u00bbFooter Moviles\u00bb _builder_version=\u00bb4.23&#8243; background_enable_color=\u00bboff\u00bb use_background_color_gradient=\u00bbon\u00bb background_color_gradient_direction=\u00bb131deg\u00bb background_color_gradient_stops=\u00bb#f4008f 0%|#ff99ac 100%\u00bb background_color_gradient_start=\u00bb#ff6a88&#8243; background_color_gradient_end=\u00bb#ff99ac\u00bb max_width=\u00bb80%\u00bb max_width_tablet=\u00bb\u00bb max_width_phone=\u00bb\u00bb max_width_last_edited=\u00bbon|phone\u00bb module_alignment=\u00bbcenter\u00bb custom_margin_tablet=\u00bb\u00bb custom_margin_phone=\u00bb-70px||||false|false\u00bb custom_margin_last_edited=\u00bbon|phone\u00bb custom_padding=\u00bb0px|0px|0px|0px\u00bb animation_direction=\u00bbbottom\u00bb box_shadow_style=\u00bbpreset7&#8243; box_shadow_horizontal=\u00bb0px\u00bb box_shadow_vertical=\u00bb100px\u00bb box_shadow_color=\u00bb#ffffff\u00bb saved_tabs=\u00bball\u00bb locked=\u00bboff\u00bb global_colors_info=\u00bb{}\u00bb][et_pb_row column_structure=\u00bb1_3,1_3,1_3&#8243; module_class=\u00bb et_pb_row_fullwidth\u00bb _builder_version=\u00bb4.23&#8243; background_color_gradient_direction=\u00bb38deg\u00bb width=\u00bb89%\u00bb width_tablet=\u00bb80%\u00bb width_phone=\u00bb80%\u00bb width_last_edited=\u00bbon|desktop\u00bb max_width=\u00bb89%\u00bb max_width_tablet=\u00bb80%\u00bb max_width_phone=\u00bb80%\u00bb max_width_last_edited=\u00bbon|desktop\u00bb module_alignment=\u00bbcenter\u00bb custom_padding=\u00bb129px|||||\u00bb make_fullwidth=\u00bbon\u00bb locked=\u00bboff\u00bb global_colors_info=\u00bb{}\u00bb][et_pb_column type=\u00bb1_3&#8243; _builder_version=\u00bb4.16&#8243; custom_padding=\u00bb120px|||\u00bb global_colors_info=\u00bb{}\u00bb custom_padding__hover=\u00bb|||\u00bb][et_pb_text _builder_version=\u00bb4.23.1&#8243; _dynamic_attributes=\u00bblink_option_url\u00bb text_font=\u00bbPoppins||||||||\u00bb text_text_color=\u00bbrgba(0,0,0,0.5)\u00bb text_font_size=\u00bb16px\u00bb text_line_height=\u00bb1.9em\u00bb header_font=\u00bb||||||||\u00bb header_4_font=\u00bb|700||on|||||\u00bb header_4_font_size=\u00bb16px\u00bb header_4_letter_spacing=\u00bb1px\u00bb header_4_line_height=\u00bb1.5em\u00bb background_layout=\u00bbdark\u00bb custom_margin_tablet=\u00bb-60px||||false|false\u00bb custom_margin_phone=\u00bb-60px||||false|false\u00bb custom_margin_last_edited=\u00bbon|tablet\u00bb link_option_url=\u00bbhttps:\/\/www.depilarte.co\/colombia\/depilacion-laser\/\u00bb locked=\u00bboff\u00bb global_colors_info=\u00bb{}\u00bb]<\/p>\n<h4>Tratamientos<\/h4>\n<p>Depilacion Laser AFT<\/p>\n<p>[\/et_pb_text][et_pb_text _builder_version=\u00bb4.23.1&#8243; _dynamic_attributes=\u00bblink_option_url\u00bb text_font=\u00bbPoppins||||||||\u00bb text_text_color=\u00bbrgba(0,0,0,0.5)\u00bb text_font_size=\u00bb16px\u00bb text_line_height=\u00bb1.9em\u00bb header_font=\u00bb||||||||\u00bb header_4_font=\u00bb|700||on|||||\u00bb header_4_font_size=\u00bb16px\u00bb header_4_letter_spacing=\u00bb1px\u00bb header_4_line_height=\u00bb1.5em\u00bb background_layout=\u00bbdark\u00bb custom_margin=\u00bb-40px||||false|false\u00bb custom_margin_tablet=\u00bb-30px||||false|false\u00bb custom_margin_phone=\u00bb||||false|false\u00bb custom_margin_last_edited=\u00bbon|phone\u00bb link_option_url=\u00bbhttps:\/\/www.depilarte.co\/colombia\/tarifas-depilacion-laser\/\u00bb locked=\u00bboff\u00bb global_colors_info=\u00bb{}\u00bb]<\/p>\n<p>Zonas y Tarifas<\/p>\n<p>[\/et_pb_text][et_pb_text _builder_version=\u00bb4.23.1&#8243; _dynamic_attributes=\u00bblink_option_url\u00bb text_font=\u00bbPoppins||||||||\u00bb text_text_color=\u00bbrgba(0,0,0,0.5)\u00bb text_font_size=\u00bb16px\u00bb text_line_height=\u00bb1.9em\u00bb header_font=\u00bb||||||||\u00bb header_4_font=\u00bb|700||on|||||\u00bb header_4_font_size=\u00bb16px\u00bb header_4_letter_spacing=\u00bb1px\u00bb header_4_line_height=\u00bb1.5em\u00bb background_layout=\u00bbdark\u00bb custom_margin=\u00bb-40px||||false|false\u00bb custom_margin_tablet=\u00bb-30px||||false|false\u00bb custom_margin_phone=\u00bb||||false|false\u00bb custom_margin_last_edited=\u00bbon|tablet\u00bb link_option_url=\u00bbhttps:\/\/www.depilarte.co\/colombia\/centros\/\u00bb locked=\u00bboff\u00bb global_colors_info=\u00bb{}\u00bb]<\/p>\n<p>Centros Depilarte<\/p>\n<p>[\/et_pb_text][et_pb_text _builder_version=\u00bb4.23.1&#8243; _dynamic_attributes=\u00bblink_option_url\u00bb text_font=\u00bbPoppins||||||||\u00bb text_text_color=\u00bbrgba(0,0,0,0.5)\u00bb text_font_size=\u00bb16px\u00bb text_line_height=\u00bb1.9em\u00bb header_font=\u00bb||||||||\u00bb header_4_font=\u00bb|700||on|||||\u00bb header_4_font_size=\u00bb16px\u00bb header_4_letter_spacing=\u00bb1px\u00bb header_4_line_height=\u00bb1.5em\u00bb background_layout=\u00bbdark\u00bb link_option_url=\u00bbhttps:\/\/www.depilarte.co\/colombia\/franquicias\/\u00bb locked=\u00bboff\u00bb global_colors_info=\u00bb{}\u00bb]<\/p>\n<h4>Forma Parte de la Franquicia<\/h4>\n<p>Franquiciate<\/p>\n<p>[\/et_pb_text][et_pb_text _builder_version=\u00bb4.23.1&#8243; _dynamic_attributes=\u00bblink_option_url\u00bb text_font=\u00bbPoppins||||||||\u00bb text_text_color=\u00bbrgba(0,0,0,0.5)\u00bb text_font_size=\u00bb16px\u00bb text_line_height=\u00bb1.9em\u00bb header_font=\u00bb||||||||\u00bb header_4_font=\u00bb|700||on|||||\u00bb header_4_font_size=\u00bb16px\u00bb header_4_letter_spacing=\u00bb1px\u00bb header_4_line_height=\u00bb1.5em\u00bb background_layout=\u00bbdark\u00bb custom_margin=\u00bb-40px||||false|false\u00bb custom_margin_tablet=\u00bb-30px||||false|false\u00bb custom_margin_phone=\u00bb||||false|false\u00bb custom_margin_last_edited=\u00bbon|tablet\u00bb link_option_url=\u00bbhttps:\/\/www.depilarte.co\/colombia\/contacta-depilarte\/\u00bb locked=\u00bboff\u00bb global_colors_info=\u00bb{}\u00bb]<\/p>\n<p>Cont\u00e1ctanos<\/p>\n<p>[\/et_pb_text][\/et_pb_column][et_pb_column type=\u00bb1_3&#8243; _builder_version=\u00bb4.16&#8243; custom_padding=\u00bb|||\u00bb global_colors_info=\u00bb{}\u00bb custom_padding__hover=\u00bb|||\u00bb][et_pb_text _builder_version=\u00bb4.23.1&#8243; _dynamic_attributes=\u00bblink_option_url\u00bb text_font=\u00bbPoppins||||||||\u00bb text_text_color=\u00bbrgba(0,0,0,0.5)\u00bb text_font_size=\u00bb16px\u00bb text_line_height=\u00bb1.9em\u00bb header_font=\u00bb||||||||\u00bb header_4_font=\u00bb|700||on|||||\u00bb header_4_font_size=\u00bb16px\u00bb header_4_letter_spacing=\u00bb1px\u00bb header_4_line_height=\u00bb1.5em\u00bb background_layout=\u00bbdark\u00bb custom_margin=\u00bb120px||||false|false\u00bb custom_margin_tablet=\u00bb0px||||false|false\u00bb custom_margin_phone=\u00bb0px||||false|false\u00bb custom_margin_last_edited=\u00bbon|desktop\u00bb link_option_url=\u00bb@ET-DC@eyJkeW5hbWljIjp0cnVlLCJjb250ZW50IjoicG9zdF9saW5rX3VybF9wYWdlIiwic2V0dGluZ3MiOnsicG9zdF9pZCI6IjUzOSJ9fQ==@\u00bb locked=\u00bboff\u00bb global_colors_info=\u00bb{}\u00bb]<\/p>\n<h4>Modelo de Negocios<\/h4>\n<p>Modelo de Negocios<\/p>\n<p>[\/et_pb_text][et_pb_text _builder_version=\u00bb4.23.1&#8243; _dynamic_attributes=\u00bblink_option_url\u00bb text_font=\u00bbPoppins||||||||\u00bb text_text_color=\u00bbrgba(0,0,0,0.5)\u00bb text_font_size=\u00bb16px\u00bb text_line_height=\u00bb1.9em\u00bb header_font=\u00bb||||||||\u00bb header_4_font=\u00bb|700||on|||||\u00bb header_4_font_size=\u00bb16px\u00bb header_4_letter_spacing=\u00bb1px\u00bb header_4_line_height=\u00bb1.5em\u00bb background_layout=\u00bbdark\u00bb custom_margin=\u00bb-40px||||false|false\u00bb custom_margin_tablet=\u00bb-30px||||false|false\u00bb custom_margin_phone=\u00bb||||false|false\u00bb custom_margin_last_edited=\u00bbon|tablet\u00bb link_option_url=\u00bbhttps:\/\/www.depilarte.co\/colombia\/terminos-y-politicas\/\u00bb locked=\u00bboff\u00bb global_colors_info=\u00bb{}\u00bb]<\/p>\n<p>T\u00e9rminos y Condiciones<\/p>\n<p>[\/et_pb_text][et_pb_text _builder_version=\u00bb4.22.2&#8243; _module_preset=\u00bbdefault\u00bb text_font=\u00bbPoppins||||||||\u00bb text_text_color=\u00bbrgba(0,0,0,0.5)\u00bb text_font_size=\u00bb16px\u00bb text_line_height=\u00bb1.9em\u00bb header_font=\u00bb||||||||\u00bb header_4_font=\u00bb|700||on|||||\u00bb header_4_font_size=\u00bb16px\u00bb header_4_letter_spacing=\u00bb1px\u00bb header_4_line_height=\u00bb1.5em\u00bb background_layout=\u00bbdark\u00bb global_colors_info=\u00bb{}\u00bb]<\/p>\n<h4>Siguenos<\/h4>\n<p>[\/et_pb_text][et_pb_social_media_follow _builder_version=\u00bb4.23.4&#8243; _module_preset=\u00bbdefault\u00bb custom_margin=\u00bb-30px||||false|false\u00bb locked=\u00bboff\u00bb global_colors_info=\u00bb{}\u00bb][et_pb_social_media_follow_network social_network=\u00bbfacebook\u00bb url=\u00bbhttps:\/\/www.facebook.com\/Depilartecolombia\/\u00bb _builder_version=\u00bb4.23.4&#8243; _module_preset=\u00bbdefault\u00bb background_color=\u00bb#3b5998&#8243; global_colors_info=\u00bb{}\u00bb follow_button=\u00bboff\u00bb url_new_window=\u00bbon\u00bb]facebook[\/et_pb_social_media_follow_network][et_pb_social_media_follow_network social_network=\u00bbinstagram\u00bb url=\u00bbhttps:\/\/www.instagram.com\/depilarteco\/\u00bb _builder_version=\u00bb4.23.4&#8243; _module_preset=\u00bbdefault\u00bb background_color=\u00bb#ea2c59&#8243; global_colors_info=\u00bb{}\u00bb follow_button=\u00bboff\u00bb url_new_window=\u00bbon\u00bb]instagram[\/et_pb_social_media_follow_network][\/et_pb_social_media_follow][\/et_pb_column][et_pb_column type=\u00bb1_3&#8243; _builder_version=\u00bb4.22.2&#8243; _module_preset=\u00bbdefault\u00bb global_colors_info=\u00bb{}\u00bb][et_pb_image src=\u00bbhttps:\/\/www.depilarte.co\/colombia\/wp-content\/uploads\/2024\/05\/Diseno-sin-titulo-2023-10-11T002144.461.webp\u00bb title_text=\u00bbDiseno-sin-titulo-2023-10-11T002144.461&#8243; show_bottom_space=\u00bboff\u00bb _builder_version=\u00bb4.25.1&#8243; positioning=\u00bbrelative\u00bb position_origin_a=\u00bbbottom_right\u00bb position_origin_f=\u00bbbottom_right\u00bb position_origin_r=\u00bbbottom_left\u00bb width=\u00bb100%\u00bb max_width=\u00bb500px\u00bb custom_margin=\u00bb|||\u00bb custom_padding=\u00bb|||\u00bb animation_style=\u00bbslide\u00bb animation_direction=\u00bbright\u00bb animation_intensity_slide=\u00bb6%\u00bb animation_starting_opacity=\u00bb100%\u00bb always_center_on_mobile=\u00bboff\u00bb global_colors_info=\u00bb{}\u00bb][\/et_pb_image][\/et_pb_column][\/et_pb_row][\/et_pb_section]<\/p>\n","protected":false},"excerpt":{"rendered":"<p>Depilaci\u00f3n L\u00e1ser AFT &nbsp;Depilaci\u00f3n L\u00e1ser en Colombia con AFT<div class=\"et_pb_module dsm_icon_list dsm_icon_list_0\">\n\t\t\t\t\n\t\t\t\t\n\t\t\t\t\n\t\t\t\t\n\t\t\t\t\n\t\t\t\t\n\t\t\t\t<div class=\"et_pb_module_inner\">\n\t\t\t\t\t<ul class=\"dsm_icon_list_items dsm_icon_list_ltr_direction dsm_icon_list_layout_vertical\"><li class=\"dsm_icon_list_child dsm_icon_list_child_0\">\n\t\t\t\t\n\t\t\t\t\n\t\t\t\t\n\t\t\t\t\n\t\t\t\t<span class=\"dsm_icon_list_wrapper\"><span class=\"dsm_icon_list_icon\">\ue0f3<\/span><\/span><span class=\"dsm_icon_list_text\">Zonas y Tarifas ($105.000)<\/span>\n\t\t\t<\/li><\/ul>\n\t\t\t\t<\/div>\n\t\t\t<\/div><div class=\"et_pb_module dsm_icon_list dsm_icon_list_1\">\n\t\t\t\t\n\t\t\t\t\n\t\t\t\t\n\t\t\t\t\n\t\t\t\t\n\t\t\t\t\n\t\t\t\t<div class=\"et_pb_module_inner\">\n\t\t\t\t\t<ul class=\"dsm_icon_list_items dsm_icon_list_ltr_direction dsm_icon_list_layout_vertical\"><\/ul>\n\t\t\t\t<\/div>\n\t\t\t<\/div>Depilaci\u00f3n L\u00e1ser en Colombia con AFT. Te ofrecemos una opci\u00f3n indolora para olvidar la depilaci\u00f3n dolorosa con cera u hojillas. M\u00e1s de 25 centros a nivel nacional.Depilaci\u00f3n Laser AFTLa tecnolog\u00eda AFT est\u00e1 presente en m\u00e1s de 50 centros Depilarte en latinoam\u00e9rica nos permite aprovechar los beneficios del enfriamiento continuo para tener una experiencia indolora al momento de eliminar el vello.La Depilaci\u00f3n L\u00e1ser AFT es un tratamiento indoloro que te permite eliminar los vellos de tu cuerpo. Ahora disponible en Colombia en los centros Depilarte con tarifa \u00fanica por zona y sesi\u00f3n de tratamiento. \u00a1ELIMINA TU VELLO NO DESEADO DE FORMA PERMANENTE!<div class=\"et_pb_module dsm_image_carousel dsm_image_carousel_0 dsm_image_carousel_arrow_outside dsm_image_carousel_arrow_mobile_inside \">\n\t\t\t\t\n\t\t\t\t\n\t\t\t\t\n\t\t\t\t\n\t\t\t\t\n\t\t\t\t\n\t\t\t\t<div class=\"et_pb_module_inner\">\n\t\t\t\t\t<div class=\"swiper-container dsm_image_carousel_container  dsm_image_carousel_carousel\" dir=\"ltr\"data-effect=\"default\"\n\t\t\tdata-slider-effect-shadows=\"false\"\n\t\t\tdata-slider-effect-coverflow-rotate=\"30\"\n\t\t\tdata-slider-effect-coverflow-depth=\"0\"\n\t\t\tdata-loop=\"true\"\n\t\t\tdata-slide-to-show=\"4\"\n\t\t\tdata-slide-to-show-tablet=\"1\"\n\t\t\tdata-slide-to-show-phone=\"1\"\n\t\t\tdata-slide-to-scroll=\"1\"\n\t\t\tdata-slide-to-scroll-tablet=\"1\"\n\t\t\tdata-slide-to-scroll-phone=\"1\"\n\t\t\tdata-space-between=\"0\"\n\t\t\tdata-space-between-tablet=\"0\"\n\t\t\tdata-space-between-phone=\"0\"\n\t\t\tdata-slide-row=\"1\"\n\t\t\tdata-centered-slides=\"false\"\n\t\t\tdata-speed=\"1000\"\n\t\t\tdata-autoplay=\"true\"\n\t\t\tdata-autoplay-speed=\"4000\"\n\t\t\tdata-touch-move=\"true\"\n\t\t\tdata-grab=\"true\"\n\t\t\tdata-pause-on-hover=\"false\"\n\t\t\tdata-show-lightbox=\"true\"\n\t\t\tdata-lightbox-gallery=\"false\"\n\t\t\tdata-lightbox-caption=\"false\"\n\t\t\tdata-infinite-scrolling=\"false\"\n\t\t\tdata-slide-row-tablet=\"1\"\n\t\t\tdata-slide-row-phone=\"1\"\n\t\t\tdata-autoplay-viewport=80%\n\t\t\tdata-mousewheel=\"false\"\n\t\t\tdata-lazyload=\"false\"\n\t\t\tdata-type=\"carousel\"\n\t\t\tdata-slideshow-effect=\"default\"\n\t\t\tdata-slideshow-to-show=\"4\"\n\t\t\tdata-slideshow-to-show-tablet=\"4\"\n\t\t\tdata-slideshow-to-show-phone=\"\"\n\t\t\tdata-slider-orientation=\"horizontal\"\n\t\t\t\t\t\tdata-lightbox-title=\"false\"\n\n\t\t\t><div class=\"swiper-wrapper\"><div class=\"swiper-slide dsm_image_carousel_item\"><a class=\"dsm_image_carousel_lightbox\" href=\"https:\/\/www.depilarte.co\/colombia\/wp-content\/uploads\/2024\/05\/depilacion-laser-rostro.webp\" data-mfp-src=\"https:\/\/www.depilarte.co\/colombia\/wp-content\/uploads\/2024\/05\/depilacion-laser-rostro.webp\"><img decoding=\"async\" src=\"https:\/\/www.depilarte.co\/colombia\/wp-content\/uploads\/2024\/05\/depilacion-laser-rostro.webp\" alt=\"\" title=\"depilacion laser rostro\" width=\"510\" height=\"382\" data-dsm-image-description=\"\" srcset=\"https:\/\/www.depilarte.co\/colombia\/wp-content\/uploads\/2024\/05\/depilacion-laser-rostro.webp 510w, https:\/\/www.depilarte.co\/colombia\/wp-content\/uploads\/2024\/05\/depilacion-laser-rostro-480x360.webp 480w\" sizes=\"(min-width: 0px) and (max-width: 480px) 480px, (min-width: 481px) 510px, 100vw\" class=\" skip-lazy\" \/><\/a><\/div><div class=\"swiper-slide dsm_image_carousel_item\"><a class=\"dsm_image_carousel_lightbox\" href=\"https:\/\/www.depilarte.co\/colombia\/wp-content\/uploads\/2024\/05\/depilacion-laser-media-pierna.webp\" data-mfp-src=\"https:\/\/www.depilarte.co\/colombia\/wp-content\/uploads\/2024\/05\/depilacion-laser-media-pierna.webp\"><img decoding=\"async\" src=\"https:\/\/www.depilarte.co\/colombia\/wp-content\/uploads\/2024\/05\/depilacion-laser-media-pierna.webp\" alt=\"\" title=\"depilacion laser media pierna\" width=\"510\" height=\"382\" data-dsm-image-description=\"\" srcset=\"https:\/\/www.depilarte.co\/colombia\/wp-content\/uploads\/2024\/05\/depilacion-laser-media-pierna.webp 510w, https:\/\/www.depilarte.co\/colombia\/wp-content\/uploads\/2024\/05\/depilacion-laser-media-pierna-480x360.webp 480w\" sizes=\"(min-width: 0px) and (max-width: 480px) 480px, (min-width: 481px) 510px, 100vw\" class=\" skip-lazy\" \/><\/a><\/div><div class=\"swiper-slide dsm_image_carousel_item\"><a class=\"dsm_image_carousel_lightbox\" href=\"https:\/\/www.depilarte.co\/colombia\/wp-content\/uploads\/2024\/05\/Depilacion-laser-en-piernas.webp\" data-mfp-src=\"https:\/\/www.depilarte.co\/colombia\/wp-content\/uploads\/2024\/05\/Depilacion-laser-en-piernas.webp\"><img decoding=\"async\" src=\"https:\/\/www.depilarte.co\/colombia\/wp-content\/uploads\/2024\/05\/Depilacion-laser-en-piernas.webp\" alt=\"\" title=\"Depilacion laser en piernas\" width=\"510\" height=\"382\" data-dsm-image-description=\"\" srcset=\"https:\/\/www.depilarte.co\/colombia\/wp-content\/uploads\/2024\/05\/Depilacion-laser-en-piernas.webp 510w, https:\/\/www.depilarte.co\/colombia\/wp-content\/uploads\/2024\/05\/Depilacion-laser-en-piernas-480x360.webp 480w\" sizes=\"(min-width: 0px) and (max-width: 480px) 480px, (min-width: 481px) 510px, 100vw\" class=\" skip-lazy\" \/><\/a><\/div><div class=\"swiper-slide dsm_image_carousel_item\"><a class=\"dsm_image_carousel_lightbox\" href=\"https:\/\/www.depilarte.co\/colombia\/wp-content\/uploads\/2024\/05\/Depilacion-laser-aft.webp\" data-mfp-src=\"https:\/\/www.depilarte.co\/colombia\/wp-content\/uploads\/2024\/05\/Depilacion-laser-aft.webp\"><img decoding=\"async\" src=\"https:\/\/www.depilarte.co\/colombia\/wp-content\/uploads\/2024\/05\/Depilacion-laser-aft.webp\" alt=\"\" title=\"Depilacion laser aft\" width=\"510\" height=\"382\" data-dsm-image-description=\"\" srcset=\"https:\/\/www.depilarte.co\/colombia\/wp-content\/uploads\/2024\/05\/Depilacion-laser-aft.webp 510w, https:\/\/www.depilarte.co\/colombia\/wp-content\/uploads\/2024\/05\/Depilacion-laser-aft-480x360.webp 480w\" sizes=\"(min-width: 0px) and (max-width: 480px) 480px, (min-width: 481px) 510px, 100vw\" class=\" skip-lazy\" \/><\/a><\/div><\/div><\/div>\n\t\t\t\t<\/div>\n\t\t\t<\/div><div class=\"et_pb_module dsm_card dsm_card_0 et_pb_bg_layout_light  dsm_card_layout_stacked\">\n\t\t\t\t\n\t\t\t\t\n\t\t\t\t\n\t\t\t\t\n\t\t\t\t\n\t\t\t\t\n\t\t\t\t<div class=\"et_pb_module_inner\">\n\t\t\t\t\t\n\t\t\t\n\t\t\t<figure class=\"dsm_card_image_wrapper dsm_card_badge_top_right\"><img decoding=\"async\" src=\"https:\/\/www.depilarte.co\/colombia\/wp-content\/uploads\/2024\/05\/Rapida.webp\" alt=\"\" srcset=\"https:\/\/www.depilarte.co\/colombia\/wp-content\/uploads\/2024\/05\/Rapida.webp 250w, https:\/\/www.depilarte.co\/colombia\/wp-content\/uploads\/2024\/05\/Rapida-150x150.webp 150w\" sizes=\"(max-width: 250px) 100vw, 250px\" class=\"dsm_card_img dsm_card_image_stretch\" \/><\/figure>\n\t\t\t<div class=\"et_pb_module dsm_card_wrapper et_pb_text_align_center\">\n\t\t\t\t\t\n\t\t\t\t\t<h4 class=\"dsm_card_title et_pb_module_header\">R\u00e1pida<\/h4>\n\t\t\t\t\t<div class=\"dsm_card_subtitle\">Gracias a nuestra tecnolog\u00eda AFT<\/div>\n\t\t\t\t\t\n\t\t\t\t\t\n\t\t\t\t<\/div>\n\t\t\t\n\t\t\t\t<\/div>\n\t\t\t<\/div><div class=\"et_pb_module dsm_card dsm_card_1 et_pb_bg_layout_light  dsm_card_layout_stacked\">\n\t\t\t\t\n\t\t\t\t\n\t\t\t\t\n\t\t\t\t\n\t\t\t\t\n\t\t\t\t\n\t\t\t\t<div class=\"et_pb_module_inner\">\n\t\t\t\t\t\n\t\t\t\n\t\t\t<figure class=\"dsm_card_image_wrapper dsm_card_badge_top_right\"><img decoding=\"async\" src=\"https:\/\/www.depilarte.co\/colombia\/wp-content\/uploads\/2024\/05\/efectivo.webp\" alt=\"\" srcset=\"https:\/\/www.depilarte.co\/colombia\/wp-content\/uploads\/2024\/05\/efectivo.webp 250w, https:\/\/www.depilarte.co\/colombia\/wp-content\/uploads\/2024\/05\/efectivo-150x150.webp 150w\" sizes=\"(max-width: 250px) 100vw, 250px\" class=\"dsm_card_img dsm_card_image_stretch\" \/><\/figure>\n\t\t\t<div class=\"et_pb_module dsm_card_wrapper et_pb_text_align_center\">\n\t\t\t\t\t\n\t\t\t\t\t<h4 class=\"dsm_card_title et_pb_module_header\">Efectiva<\/h4>\n\t\t\t\t\t<div class=\"dsm_card_subtitle\">Trabajamos con las frecuencias que tu piel precisa<\/div>\n\t\t\t\t\t\n\t\t\t\t\t\n\t\t\t\t<\/div>\n\t\t\t\n\t\t\t\t<\/div>\n\t\t\t<\/div><div class=\"et_pb_module dsm_card dsm_card_2 et_pb_bg_layout_light  dsm_card_layout_stacked\">\n\t\t\t\t\n\t\t\t\t\n\t\t\t\t\n\t\t\t\t\n\t\t\t\t\n\t\t\t\t\n\t\t\t\t<div class=\"et_pb_module_inner\">\n\t\t\t\t\t\n\t\t\t\n\t\t\t<figure class=\"dsm_card_image_wrapper dsm_card_badge_top_right\"><img decoding=\"async\" src=\"\" alt=\"\" class=\"et_multi_view_hidden_image dsm_card_img dsm_card_image_stretch\" \/><\/figure>\n\t\t\t<div class=\"et_pb_module dsm_card_wrapper et_pb_text_align_left\">\n\t\t\t\t\t\n\t\t\t\t\t<h4 class=\"dsm_card_title et_pb_module_header\">\u00bbPara<\/h4>\n\t\t\t\t\t<div class=\"dsm_card_subtitle\">\u00bbElimina<\/div>\n\t\t\t\t\t\n\t\t\t\t\t\n\t\t\t\t<\/div>\n\t\t\t\n\t\t\t\t<\/div>\n\t\t\t<\/div><\/p>\n","protected":false},"author":1,"featured_media":0,"parent":0,"menu_order":0,"comment_status":"closed","ping_status":"closed","template":"","meta":{"_et_pb_use_builder":"on","_et_pb_old_content":"","_et_gb_content_width":"","inline_featured_image":false,"footnotes":""},"class_list":["post-484","page","type-page","status-publish","hentry"],"yoast_head":"<!-- This site is optimized with the Yoast SEO plugin v23.6 - https:\/\/yoast.com\/wordpress\/plugins\/seo\/ -->\n<title>Depilaci\u00f3n L\u00e1ser AFT en Colombia - Depilarte Colombia<\/title>\n<meta name=\"description\" content=\"Conoce la depilaci\u00f3n l\u00e1ser AFT definitiva en Bogot\u00e1, Medell\u00edn con tecnolog\u00eda de \u00faltima generaci\u00f3n y tarifa \u00fanica por zona y sesi\u00f3n.\" \/>\n<meta name=\"robots\" content=\"index, follow, max-snippet:-1, max-image-preview:large, max-video-preview:-1\" \/>\n<link rel=\"canonical\" href=\"https:\/\/www.depilarte.co\/colombia\/depilacion-laser-definitiva\/\" \/>\n<meta property=\"og:locale\" content=\"es_ES\" \/>\n<meta property=\"og:type\" content=\"article\" \/>\n<meta property=\"og:title\" content=\"Depilaci\u00f3n L\u00e1ser AFT en Colombia - Depilarte Colombia\" \/>\n<meta property=\"og:description\" content=\"Conoce la depilaci\u00f3n l\u00e1ser AFT definitiva en Bogot\u00e1, Medell\u00edn con tecnolog\u00eda de \u00faltima generaci\u00f3n y tarifa \u00fanica por zona y sesi\u00f3n.\" \/>\n<meta property=\"og:url\" content=\"https:\/\/www.depilarte.co\/colombia\/depilacion-laser-definitiva\/\" \/>\n<meta property=\"og:site_name\" content=\"Depilarte Colombia\" \/>\n<meta property=\"article:modified_time\" content=\"2026-03-02T12:20:15+00:00\" \/>\n<meta property=\"og:image\" content=\"https:\/\/fast.wistia.com\/embed\/medias\/5k4yhfqj6w\/swatch\" \/>\n<meta name=\"twitter:card\" content=\"summary_large_image\" \/>\n<meta name=\"twitter:label1\" content=\"Tiempo de lectura\" \/>\n\t<meta name=\"twitter:data1\" content=\"9 minutos\" \/>\n<script type=\"application\/ld+json\" class=\"yoast-schema-graph\">{\"@context\":\"https:\/\/schema.org\",\"@graph\":[{\"@type\":\"WebPage\",\"@id\":\"https:\/\/www.depilarte.co\/colombia\/depilacion-laser-definitiva\/\",\"url\":\"https:\/\/www.depilarte.co\/colombia\/depilacion-laser-definitiva\/\",\"name\":\"Depilaci\u00f3n L\u00e1ser AFT en Colombia - Depilarte Colombia\",\"isPartOf\":{\"@id\":\"https:\/\/www.depilarte.co\/colombia\/#website\"},\"primaryImageOfPage\":{\"@id\":\"https:\/\/www.depilarte.co\/colombia\/depilacion-laser-definitiva\/#primaryimage\"},\"image\":{\"@id\":\"https:\/\/www.depilarte.co\/colombia\/depilacion-laser-definitiva\/#primaryimage\"},\"thumbnailUrl\":\"https:\/\/fast.wistia.com\/embed\/medias\/5k4yhfqj6w\/swatch\",\"datePublished\":\"2023-10-16T00:07:52+00:00\",\"dateModified\":\"2026-03-02T12:20:15+00:00\",\"description\":\"Conoce la depilaci\u00f3n l\u00e1ser AFT definitiva en Bogot\u00e1, Medell\u00edn con tecnolog\u00eda de \u00faltima generaci\u00f3n y tarifa \u00fanica por zona y sesi\u00f3n.\",\"breadcrumb\":{\"@id\":\"https:\/\/www.depilarte.co\/colombia\/depilacion-laser-definitiva\/#breadcrumb\"},\"inLanguage\":\"es\",\"potentialAction\":[{\"@type\":\"ReadAction\",\"target\":[\"https:\/\/www.depilarte.co\/colombia\/depilacion-laser-definitiva\/\"]}]},{\"@type\":\"ImageObject\",\"inLanguage\":\"es\",\"@id\":\"https:\/\/www.depilarte.co\/colombia\/depilacion-laser-definitiva\/#primaryimage\",\"url\":\"https:\/\/fast.wistia.com\/embed\/medias\/5k4yhfqj6w\/swatch\",\"contentUrl\":\"https:\/\/fast.wistia.com\/embed\/medias\/5k4yhfqj6w\/swatch\"},{\"@type\":\"BreadcrumbList\",\"@id\":\"https:\/\/www.depilarte.co\/colombia\/depilacion-laser-definitiva\/#breadcrumb\",\"itemListElement\":[{\"@type\":\"ListItem\",\"position\":1,\"name\":\"Home\",\"item\":\"https:\/\/www.depilarte.co\/colombia\/\"},{\"@type\":\"ListItem\",\"position\":2,\"name\":\"Depilaci\u00f3n L\u00e1ser AFT en Colombia\"}]},{\"@type\":\"WebSite\",\"@id\":\"https:\/\/www.depilarte.co\/colombia\/#website\",\"url\":\"https:\/\/www.depilarte.co\/colombia\/\",\"name\":\"Depilarte Colombia\",\"description\":\"Franquicia especializada en depilaci\u00f3n laser AFT\",\"potentialAction\":[{\"@type\":\"SearchAction\",\"target\":{\"@type\":\"EntryPoint\",\"urlTemplate\":\"https:\/\/www.depilarte.co\/colombia\/?s={search_term_string}\"},\"query-input\":{\"@type\":\"PropertyValueSpecification\",\"valueRequired\":true,\"valueName\":\"search_term_string\"}}],\"inLanguage\":\"es\"}]}<\/script>\n<!-- \/ Yoast SEO plugin. -->","yoast_head_json":{"title":"Depilaci\u00f3n L\u00e1ser AFT en Colombia - Depilarte Colombia","description":"Conoce la depilaci\u00f3n l\u00e1ser AFT definitiva en Bogot\u00e1, Medell\u00edn con tecnolog\u00eda de \u00faltima generaci\u00f3n y tarifa \u00fanica por zona y sesi\u00f3n.","robots":{"index":"index","follow":"follow","max-snippet":"max-snippet:-1","max-image-preview":"max-image-preview:large","max-video-preview":"max-video-preview:-1"},"canonical":"https:\/\/www.depilarte.co\/colombia\/depilacion-laser-definitiva\/","og_locale":"es_ES","og_type":"article","og_title":"Depilaci\u00f3n L\u00e1ser AFT en Colombia - Depilarte Colombia","og_description":"Conoce la depilaci\u00f3n l\u00e1ser AFT definitiva en Bogot\u00e1, Medell\u00edn con tecnolog\u00eda de \u00faltima generaci\u00f3n y tarifa \u00fanica por zona y sesi\u00f3n.","og_url":"https:\/\/www.depilarte.co\/colombia\/depilacion-laser-definitiva\/","og_site_name":"Depilarte Colombia","article_modified_time":"2026-03-02T12:20:15+00:00","og_image":[{"url":"https:\/\/fast.wistia.com\/embed\/medias\/5k4yhfqj6w\/swatch"}],"twitter_card":"summary_large_image","twitter_misc":{"Tiempo de lectura":"9 minutos"},"schema":{"@context":"https:\/\/schema.org","@graph":[{"@type":"WebPage","@id":"https:\/\/www.depilarte.co\/colombia\/depilacion-laser-definitiva\/","url":"https:\/\/www.depilarte.co\/colombia\/depilacion-laser-definitiva\/","name":"Depilaci\u00f3n L\u00e1ser AFT en Colombia - Depilarte Colombia","isPartOf":{"@id":"https:\/\/www.depilarte.co\/colombia\/#website"},"primaryImageOfPage":{"@id":"https:\/\/www.depilarte.co\/colombia\/depilacion-laser-definitiva\/#primaryimage"},"image":{"@id":"https:\/\/www.depilarte.co\/colombia\/depilacion-laser-definitiva\/#primaryimage"},"thumbnailUrl":"https:\/\/fast.wistia.com\/embed\/medias\/5k4yhfqj6w\/swatch","datePublished":"2023-10-16T00:07:52+00:00","dateModified":"2026-03-02T12:20:15+00:00","description":"Conoce la depilaci\u00f3n l\u00e1ser AFT definitiva en Bogot\u00e1, Medell\u00edn con tecnolog\u00eda de \u00faltima generaci\u00f3n y tarifa \u00fanica por zona y sesi\u00f3n.","breadcrumb":{"@id":"https:\/\/www.depilarte.co\/colombia\/depilacion-laser-definitiva\/#breadcrumb"},"inLanguage":"es","potentialAction":[{"@type":"ReadAction","target":["https:\/\/www.depilarte.co\/colombia\/depilacion-laser-definitiva\/"]}]},{"@type":"ImageObject","inLanguage":"es","@id":"https:\/\/www.depilarte.co\/colombia\/depilacion-laser-definitiva\/#primaryimage","url":"https:\/\/fast.wistia.com\/embed\/medias\/5k4yhfqj6w\/swatch","contentUrl":"https:\/\/fast.wistia.com\/embed\/medias\/5k4yhfqj6w\/swatch"},{"@type":"BreadcrumbList","@id":"https:\/\/www.depilarte.co\/colombia\/depilacion-laser-definitiva\/#breadcrumb","itemListElement":[{"@type":"ListItem","position":1,"name":"Home","item":"https:\/\/www.depilarte.co\/colombia\/"},{"@type":"ListItem","position":2,"name":"Depilaci\u00f3n L\u00e1ser AFT en Colombia"}]},{"@type":"WebSite","@id":"https:\/\/www.depilarte.co\/colombia\/#website","url":"https:\/\/www.depilarte.co\/colombia\/","name":"Depilarte Colombia","description":"Franquicia especializada en depilaci\u00f3n laser AFT","potentialAction":[{"@type":"SearchAction","target":{"@type":"EntryPoint","urlTemplate":"https:\/\/www.depilarte.co\/colombia\/?s={search_term_string}"},"query-input":{"@type":"PropertyValueSpecification","valueRequired":true,"valueName":"search_term_string"}}],"inLanguage":"es"}]}},"_links":{"self":[{"href":"https:\/\/www.depilarte.co\/colombia\/wp-json\/wp\/v2\/pages\/484","targetHints":{"allow":["GET"]}}],"collection":[{"href":"https:\/\/www.depilarte.co\/colombia\/wp-json\/wp\/v2\/pages"}],"about":[{"href":"https:\/\/www.depilarte.co\/colombia\/wp-json\/wp\/v2\/types\/page"}],"author":[{"embeddable":true,"href":"https:\/\/www.depilarte.co\/colombia\/wp-json\/wp\/v2\/users\/1"}],"replies":[{"embeddable":true,"href":"https:\/\/www.depilarte.co\/colombia\/wp-json\/wp\/v2\/comments?post=484"}],"version-history":[{"count":0,"href":"https:\/\/www.depilarte.co\/colombia\/wp-json\/wp\/v2\/pages\/484\/revisions"}],"wp:attachment":[{"href":"https:\/\/www.depilarte.co\/colombia\/wp-json\/wp\/v2\/media?parent=484"}],"curies":[{"name":"wp","href":"https:\/\/api.w.org\/{rel}","templated":true}]}}